{"id":431,"date":"2018-01-11T18:35:45","date_gmt":"2018-01-11T17:35:45","guid":{"rendered":"http:\/\/demo.charlottesweb.hu\/vv\/?page_id=431"},"modified":"2020-01-05T00:17:57","modified_gmt":"2020-01-04T23:17:57","slug":"forum","status":"publish","type":"page","link":"https:\/\/www.veteranvolvo.hu\/?page_id=431","title":{"rendered":"F\u00f3rum"},"content":{"rendered":"<div id=\"af-wrapper\"><div id=\"forum-header\"><div id=\"forum-navigation-mobile\"><a><span class=\"fas fa-bars\"><\/span>Menu<\/a><\/div><span class=\"screen-reader-text\">Forum Navigation<\/span><div id=\"forum-navigation\"><a class=\"home-link\" href=\"https:\/\/www.veteranvolvo.hu\/?page_id=431\" target=\"_self\">F\u00f3rum<\/a><a class=\"activity-link\" href=\"https:\/\/www.veteranvolvo.hu\/?page_id=431&#038;view=activity\" target=\"_self\">Activity<\/a><a class=\"login-link\" href=\"https:\/\/www.veteranvolvo.hu\/?page_id=438&#038;redirect_to=https%3A%2F%2Fwww.veteranvolvo.hu%2Findex.php%3Frest_route%3D%252Fwp%252Fv2%252Fpages%252F431\" target=\"_self\">Bejelentkez\u00e9s<\/a><a class=\"register-link\" href=\"https:\/\/www.veteranvolvo.hu\/?page_id=441\" target=\"_self\">Register<\/a><\/div><div id=\"forum-search\"><span class=\"search-icon fas fa-search\"><\/span><form method=\"get\" action=\"https:\/\/www.veteranvolvo.hu\/?page_id=431&#038;view=search\"><input name=\"view\" type=\"hidden\" value=\"search\"><input name=\"keywords\" type=\"search\" placeholder=\"Search ...\" value=\"\"><\/form><\/div><div class=\"clear\"><\/div><\/div><div id=\"forum-breadcrumbs\" itemscope itemtype=\"http:\/\/schema.org\/BreadcrumbList\"><span class=\"screen-reader-text\">Forum breadcrumbs - You are here:<\/span><span class=\"breadcrumb-icon fas fa-home\"><\/span><span itemprop=\"itemListElement\" itemscope itemtype=\"https:\/\/schema.org\/ListItem\"><a itemprop=\"item\" href=\"https:\/\/www.veteranvolvo.hu\/?page_id=431\" title=\"F\u00f3rum\"><span itemprop=\"name\">F\u00f3rum<\/span><\/a><meta itemprop=\"position\" content=\"1\"><\/span><span class=\"breadcrumb-icon fas fa-chevron-right separator\"><\/span><\/div><h1 class=\"main-title main-title-\">F\u00f3rum<\/h1><div class=\"title-element\" id=\"forum-category-36\">RedBlock Garage<span class=\"last-post-headline\">Last post<\/span><\/div><div class=\"content-container\"><div class=\"content-element forum\" id=\"forum-84\"><div class=\"forum-status unread\"><i class=\"fa fa-comments\"><\/i><\/div><div class=\"forum-name\"><a class=\"forum-title\" href=\"https:\/\/www.veteranvolvo.hu\/?page_id=431&#038;view=forum&#038;id=84\">RedBlock Garage<\/a><small class=\"forum-description\">Minden ami Redblock. Haszn\u00e1lat, tuning, karbantart\u00e1s. K\u00e9rdezz-felelek!<\/small><small class=\"forum-stats\">5 Topics&nbsp;&middot;&nbsp;16 bejegyz\u00e9s<\/small><small class=\"forum-lastpost-small\">Last post:&nbsp;<a href=\"https:\/\/www.veteranvolvo.hu\/?page_id=431&#038;view=topic&#038;id=122#postid-368\">Termoszt\u00e1t + olajszenzor B23A<\/a>&nbsp;&middot;&nbsp;<a href=\"https:\/\/www.veteranvolvo.hu\/?page_id=431&#038;view=topic&#038;id=122#postid-368\">6 \u00e9v id\u0151vel kor\u00e1bban<\/a>&nbsp;&middot;&nbsp;<a class=\"profile-link highlight-default\" href=\"#\">Bak\u00f3 Tam\u00e1s<\/a><\/small><\/div><div class=\"forum-poster\"><div class=\"forum-poster-avatar\"><img alt='' src='https:\/\/www.veteranvolvo.hu\/wp-content\/uploads\/2020\/07\/user-221-100x100.jpg' srcset='https:\/\/www.veteranvolvo.hu\/wp-content\/uploads\/2020\/07\/user-221-100x100.jpg 2x' class='avatar avatar-40 photo avatar-default' height='40' width='40' \/><\/div><div class=\"forum-poster-summary\"><a href=\"https:\/\/www.veteranvolvo.hu\/?page_id=431&#038;view=topic&#038;id=122#postid-368\">Termoszt\u00e1t + olajszenzor  &#8230;<\/a><br><small><a href=\"https:\/\/www.veteranvolvo.hu\/?page_id=431&#038;view=topic&#038;id=122#postid-368\">6 \u00e9v id\u0151vel kor\u00e1bban<\/a><span>&nbsp;&middot;&nbsp;<\/span><a class=\"profile-link highlight-default\" href=\"#\">Bak\u00f3 Tam\u00e1s<\/a><\/small><\/div><\/div><\/div><\/div><div class=\"title-element\" id=\"forum-category-20\">T\u00e1rsalg\u00f3<span class=\"last-post-headline\">Last post<\/span><\/div><div class=\"content-container\"><div class=\"content-element forum\" id=\"forum-31\"><div class=\"forum-status unread\"><i class=\"fa fa-comments\"><\/i><\/div><div class=\"forum-name\"><a class=\"forum-title\" href=\"https:\/\/www.veteranvolvo.hu\/?page_id=431&#038;view=forum&#038;id=31\">T\u00edpus \u00e9s m\u00e1rka f\u00fcggetlen, k\u00f6tetlen t\u00e1rsalg\u00f3 &#039;18-19-2020<\/a><small class=\"forum-description\">Minden ami az aut\u00f3kkal, klubbal, weboldallal, f\u00f3rummal, b\u00e1rmivel kapcsolatos. Ha \u00e9ppen az \u00e9leted story-ja akkor az.<\/small><small class=\"forum-stats\">7 Topics&nbsp;&middot;&nbsp;25 bejegyz\u00e9s<\/small><small class=\"forum-lastpost-small\">Last post:&nbsp;<a href=\"https:\/\/www.veteranvolvo.hu\/?page_id=431&#038;view=topic&#038;id=79#postid-465\">T\u00edpus \u00e9s sz\u00e9ria f\u00fcggetlen t\u00e1rsalg\u00f3<\/a>&nbsp;&middot;&nbsp;<a href=\"https:\/\/www.veteranvolvo.hu\/?page_id=431&#038;view=topic&#038;id=79#postid-465\">3 \u00e9v id\u0151vel kor\u00e1bban<\/a>&nbsp;&middot;&nbsp;<a class=\"profile-link highlight-admin\" href=\"#\">Dinom<\/a><\/small><\/div><div class=\"forum-poster\"><div class=\"forum-poster-avatar\"><img alt='' src='https:\/\/www.veteranvolvo.hu\/wp-content\/uploads\/2018\/02\/15027404_1242758235780631_5534169926539373715_n-150x150.jpg' class='avatar avatar-40 photo' height='40' width='40' \/><\/div><div class=\"forum-poster-summary\"><a href=\"https:\/\/www.veteranvolvo.hu\/?page_id=431&#038;view=topic&#038;id=79#postid-465\">T\u00edpus \u00e9s sz\u00e9ria f\u00fcggetlen &#8230;<\/a><br><small><a href=\"https:\/\/www.veteranvolvo.hu\/?page_id=431&#038;view=topic&#038;id=79#postid-465\">3 \u00e9v id\u0151vel kor\u00e1bban<\/a><span>&nbsp;&middot;&nbsp;<\/span><a class=\"profile-link highlight-admin\" href=\"#\">Dinom<\/a><\/small><\/div><\/div><\/div><div class=\"content-element forum\" id=\"forum-38\"><div class=\"forum-status unread\"><i class=\"fa fa-comments\"><\/i><\/div><div class=\"forum-name\"><a class=\"forum-title\" href=\"https:\/\/www.veteranvolvo.hu\/?page_id=431&#038;view=forum&#038;id=38\">Bemutatkoz\u00e1sok<\/a><small class=\"forum-description\">Az aut\u00f3r\u00f3l k\u00e9sz\u00fclt f\u00e9nyk\u00e9ppel n\u00e9h\u00e1ny sorban. Csak, hogy tudjunk kapcsolni k\u00e9peket f\u00f3rumoz\u00f3k neveihez.<\/small><small class=\"forum-stats\">20 Topics&nbsp;&middot;&nbsp;41 bejegyz\u00e9s<\/small><small class=\"forum-lastpost-small\">Last post:&nbsp;<a href=\"https:\/\/www.veteranvolvo.hu\/?page_id=431&#038;view=topic&#038;id=69#postid-410\">KisVOLVO_n\u00e9gyesek<\/a>&nbsp;&middot;&nbsp;<a href=\"https:\/\/www.veteranvolvo.hu\/?page_id=431&#038;view=topic&#038;id=69#postid-410\">6 \u00e9v id\u0151vel kor\u00e1bban<\/a>&nbsp;&middot;&nbsp;<a class=\"profile-link highlight-admin\" href=\"#\">czimbi-adm<\/a><\/small><\/div><div class=\"forum-poster\"><div class=\"forum-poster-avatar\"><img alt='' src='https:\/\/www.veteranvolvo.hu\/wp-content\/uploads\/2018\/01\/CzR-129x150.jpg' class='avatar avatar-40 photo' height='40' width='40' \/><\/div><div class=\"forum-poster-summary\"><a href=\"https:\/\/www.veteranvolvo.hu\/?page_id=431&#038;view=topic&#038;id=69#postid-410\">KisVOLVO_n\u00e9gyesek<\/a><br><small><a href=\"https:\/\/www.veteranvolvo.hu\/?page_id=431&#038;view=topic&#038;id=69#postid-410\">6 \u00e9v id\u0151vel kor\u00e1bban<\/a><span>&nbsp;&middot;&nbsp;<\/span><a class=\"profile-link highlight-admin\" href=\"#\">czimbi-adm<\/a><\/small><\/div><\/div><\/div><div class=\"content-element forum\" id=\"forum-60\"><div class=\"forum-status unread\"><i class=\"fa fa-comments\"><\/i><\/div><div class=\"forum-name\"><a class=\"forum-title\" href=\"https:\/\/www.veteranvolvo.hu\/?page_id=431&#038;view=forum&#038;id=60\">Elad\u00f3 Prospektusok, kieg\u00e9sz\u00edt\u0151k, \u00e9rdekess\u00e9gek<\/a><small class=\"forum-description\">olyasmik amiket anno nem tudtunk megvenni, de rajong\u00e1sunkat er\u0151s\u00edtik. \ud83d\ude42<\/small><small class=\"forum-stats\">2 Topics&nbsp;&middot;&nbsp;2 bejegyz\u00e9s<\/small><small class=\"forum-lastpost-small\">Last post:&nbsp;<a href=\"https:\/\/www.veteranvolvo.hu\/?page_id=431&#038;view=topic&#038;id=124#postid-342\">\u00c9rdekess\u00e9gek a volvo vil\u00e1g\u00e1b\u00f3l<\/a>&nbsp;&middot;&nbsp;<a href=\"https:\/\/www.veteranvolvo.hu\/?page_id=431&#038;view=topic&#038;id=124#postid-342\">6 \u00e9v id\u0151vel kor\u00e1bban<\/a>&nbsp;&middot;&nbsp;<a class=\"profile-link highlight-admin\" href=\"#\">Dinom<\/a><\/small><\/div><div class=\"forum-poster\"><div class=\"forum-poster-avatar\"><img alt='' src='https:\/\/www.veteranvolvo.hu\/wp-content\/uploads\/2018\/02\/15027404_1242758235780631_5534169926539373715_n-150x150.jpg' class='avatar avatar-40 photo' height='40' width='40' \/><\/div><div class=\"forum-poster-summary\"><a href=\"https:\/\/www.veteranvolvo.hu\/?page_id=431&#038;view=topic&#038;id=124#postid-342\">\u00c9rdekess\u00e9gek a volvo vil\u00e1 &#8230;<\/a><br><small><a href=\"https:\/\/www.veteranvolvo.hu\/?page_id=431&#038;view=topic&#038;id=124#postid-342\">6 \u00e9v id\u0151vel kor\u00e1bban<\/a><span>&nbsp;&middot;&nbsp;<\/span><a class=\"profile-link highlight-admin\" href=\"#\">Dinom<\/a><\/small><\/div><\/div><\/div><div class=\"content-element forum\" id=\"forum-85\"><div class=\"forum-status unread\"><i class=\"fa fa-comments\"><\/i><\/div><div class=\"forum-name\"><a class=\"forum-title\" href=\"https:\/\/www.veteranvolvo.hu\/?page_id=431&#038;view=forum&#038;id=85\">\u00dajb\u00f3li forgalomba helyez\u00e9s \u00e9s k\u00e1lv\u00e1ri\u00e1i<\/a><small class=\"forum-description\">V\u00e9gleges kivonat\u00e1sb\u00f3l lehet-e \u00fajra visszatenni a forgalomba<\/small><small class=\"forum-stats\">1 Topic&nbsp;&middot;&nbsp;4 bejegyz\u00e9s<\/small><small class=\"forum-lastpost-small\">Last post:&nbsp;<a href=\"https:\/\/www.veteranvolvo.hu\/?page_id=431&#038;view=topic&#038;id=42#postid-121\">Helyre \u00e1ll\u00edtottam, m\u0171k\u00f6dik, de v\u00e9g &#8230;<\/a>&nbsp;&middot;&nbsp;<a href=\"https:\/\/www.veteranvolvo.hu\/?page_id=431&#038;view=topic&#038;id=42#postid-121\">7 \u00e9v id\u0151vel kor\u00e1bban<\/a>&nbsp;&middot;&nbsp;<a class=\"profile-link highlight-admin\" href=\"#\">Dinom<\/a><\/small><\/div><div class=\"forum-poster\"><div class=\"forum-poster-avatar\"><img alt='' src='https:\/\/www.veteranvolvo.hu\/wp-content\/uploads\/2018\/02\/15027404_1242758235780631_5534169926539373715_n-150x150.jpg' class='avatar avatar-40 photo' height='40' width='40' \/><\/div><div class=\"forum-poster-summary\"><a href=\"https:\/\/www.veteranvolvo.hu\/?page_id=431&#038;view=topic&#038;id=42#postid-121\">Helyre \u00e1ll\u00edtottam, m\u0171k\u00f6di &#8230;<\/a><br><small><a href=\"https:\/\/www.veteranvolvo.hu\/?page_id=431&#038;view=topic&#038;id=42#postid-121\">7 \u00e9v id\u0151vel kor\u00e1bban<\/a><span>&nbsp;&middot;&nbsp;<\/span><a class=\"profile-link highlight-admin\" href=\"#\">Dinom<\/a><\/small><\/div><\/div><\/div><\/div><div class=\"title-element\" id=\"forum-category-32\">Klub tal\u00e1lkoz\u00f3k, \u00f6sszej\u00f6vetelek. \ud83d\ude09<span class=\"last-post-headline\">Last post<\/span><\/div><div class=\"content-container\"><div class=\"content-element forum\" id=\"forum-197\"><div class=\"forum-status unread\"><i class=\"fa fa-comments\"><\/i><\/div><div class=\"forum-name\"><a class=\"forum-title\" href=\"https:\/\/www.veteranvolvo.hu\/?page_id=431&#038;view=forum&#038;id=197\">2020-es veter\u00e1n volvo \u00f6sszej\u00f6vetelek<\/a><small class=\"forum-description\">Jelentkez\u0151ket v\u00e1runk!<\/small><small class=\"forum-stats\">2 Topics&nbsp;&middot;&nbsp;22 bejegyz\u00e9s<\/small><small class=\"forum-lastpost-small\">Last post:&nbsp;<a href=\"https:\/\/www.veteranvolvo.hu\/?page_id=431&#038;view=topic&#038;id=92#postid-385\">Tavaszi gy\u00fclekez\u00e9s<\/a>&nbsp;&middot;&nbsp;<a href=\"https:\/\/www.veteranvolvo.hu\/?page_id=431&#038;view=topic&#038;id=92#postid-385\">6 \u00e9v id\u0151vel kor\u00e1bban<\/a>&nbsp;&middot;&nbsp;<a class=\"profile-link highlight-admin\" href=\"#\">Dinom<\/a><\/small><\/div><div class=\"forum-poster\"><div class=\"forum-poster-avatar\"><img alt='' src='https:\/\/www.veteranvolvo.hu\/wp-content\/uploads\/2018\/02\/15027404_1242758235780631_5534169926539373715_n-150x150.jpg' class='avatar avatar-40 photo' height='40' width='40' \/><\/div><div class=\"forum-poster-summary\"><a href=\"https:\/\/www.veteranvolvo.hu\/?page_id=431&#038;view=topic&#038;id=92#postid-385\">Tavaszi gy\u00fclekez\u00e9s<\/a><br><small><a href=\"https:\/\/www.veteranvolvo.hu\/?page_id=431&#038;view=topic&#038;id=92#postid-385\">6 \u00e9v id\u0151vel kor\u00e1bban<\/a><span>&nbsp;&middot;&nbsp;<\/span><a class=\"profile-link highlight-admin\" href=\"#\">Dinom<\/a><\/small><\/div><\/div><\/div><\/div><div class=\"title-element\" id=\"forum-category-28\">Arch\u00edvum<span class=\"last-post-headline\">Last post<\/span><\/div><div class=\"content-container\"><div class=\"content-element forum\" id=\"forum-79\"><div class=\"forum-status unread\"><i class=\"fa fa-comments\"><\/i><\/div><div class=\"forum-name\"><a class=\"forum-title\" href=\"https:\/\/www.veteranvolvo.hu\/?page_id=431&#038;view=forum&#038;id=79\">2018 OVT konvoj<\/a><small class=\"forum-description\">2018 J\u00fanius 9<\/small><small class=\"forum-stats\">2 Topics&nbsp;&middot;&nbsp;6 bejegyz\u00e9s<\/small><small class=\"forum-lastpost-small\">Last post:&nbsp;<a href=\"https:\/\/www.veteranvolvo.hu\/?page_id=431&#038;view=topic&#038;id=25#postid-50\">Nagyt\u00e9t\u00e9ny - Campona parkol\u00f3.<\/a>&nbsp;&middot;&nbsp;<a href=\"https:\/\/www.veteranvolvo.hu\/?page_id=431&#038;view=topic&#038;id=25#postid-50\">8 \u00e9v id\u0151vel kor\u00e1bban<\/a>&nbsp;&middot;&nbsp;<a class=\"profile-link highlight-admin\" href=\"#\">Dinom<\/a><\/small><small class=\"forum-subforums\"><b>Subforums:<\/b>&nbsp;<a href=\"https:\/\/www.veteranvolvo.hu\/?page_id=431&#038;view=forum&#038;id=80\">Gy\u00fclekez\u0151<\/a><\/small><\/div><div class=\"forum-poster\"><div class=\"forum-poster-avatar\"><img alt='' src='https:\/\/www.veteranvolvo.hu\/wp-content\/uploads\/2018\/02\/15027404_1242758235780631_5534169926539373715_n-150x150.jpg' class='avatar avatar-40 photo' height='40' width='40' \/><\/div><div class=\"forum-poster-summary\"><a href=\"https:\/\/www.veteranvolvo.hu\/?page_id=431&#038;view=topic&#038;id=25#postid-50\">Nagyt\u00e9t\u00e9ny - Campona park &#8230;<\/a><br><small><a href=\"https:\/\/www.veteranvolvo.hu\/?page_id=431&#038;view=topic&#038;id=25#postid-50\">8 \u00e9v id\u0151vel kor\u00e1bban<\/a><span>&nbsp;&middot;&nbsp;<\/span><a class=\"profile-link highlight-admin\" href=\"#\">Dinom<\/a><\/small><\/div><\/div><\/div><\/div><div class=\"title-element\" id=\"forum-category-25\">TP21 Sugga<span class=\"last-post-headline\">Last post<\/span><\/div><div class=\"content-container\"><div class=\"content-element forum\" id=\"forum-61\"><div class=\"forum-status read\"><i class=\"fa fa-comments\"><\/i><\/div><div class=\"forum-name\"><a class=\"forum-title\" href=\"https:\/\/www.veteranvolvo.hu\/?page_id=431&#038;view=forum&#038;id=61\">Alkatr\u00e9szt keresek\/eladok<\/a><small class=\"forum-description\">Amire s\u00fcks\u00e9ged van az aut\u00f3d jobb\u00e1, szebb\u00e9 t\u00e9tel\u00e9hez.<\/small><small class=\"forum-stats\">0 Topics&nbsp;&middot;&nbsp;0 bejegyz\u00e9s<\/small><small class=\"forum-lastpost-small\"><small class=\"no-topics\">No topics yet!<\/small><\/small><small class=\"forum-subforums\"><b>Subforums:<\/b>&nbsp;<a href=\"https:\/\/www.veteranvolvo.hu\/?page_id=431&#038;view=forum&#038;id=111\">Elad\u00f3 alkatr\u00e9szek<\/a>&nbsp;&middot;&nbsp;<a href=\"https:\/\/www.veteranvolvo.hu\/?page_id=431&#038;view=forum&#038;id=123\">Alaktr\u00e9szt Keresek<\/a>&nbsp;&middot;&nbsp;<a href=\"https:\/\/www.veteranvolvo.hu\/?page_id=431&#038;view=forum&#038;id=124\">Megmaradt \u00faj alkatr\u00e9szek<\/a>&nbsp;&middot;&nbsp;<a href=\"https:\/\/www.veteranvolvo.hu\/?page_id=431&#038;view=forum&#038;id=125\">Alkatr\u00e9szek: \u00daj - bontott<\/a><\/small><\/div><div class=\"forum-poster\"><small class=\"no-topics\">No topics yet!<\/small><\/div><\/div><\/div><div class=\"title-element\" id=\"forum-category-23\">PV 444\/544\/Duett<span class=\"last-post-headline\">Last post<\/span><\/div><div class=\"content-container\"><div class=\"content-element forum\" id=\"forum-6\"><div class=\"forum-status read\"><i class=\"fa fa-comments\"><\/i><\/div><div class=\"forum-name\"><a class=\"forum-title\" href=\"https:\/\/www.veteranvolvo.hu\/?page_id=431&#038;view=forum&#038;id=6\">PV 444\/544\/Duett<\/a><small class=\"forum-stats\">0 Topics&nbsp;&middot;&nbsp;0 bejegyz\u00e9s<\/small><small class=\"forum-lastpost-small\"><small class=\"no-topics\">No topics yet!<\/small><\/small><small class=\"forum-subforums\"><b>Subforums:<\/b>&nbsp;<a href=\"https:\/\/www.veteranvolvo.hu\/?page_id=431&#038;view=forum&#038;id=128\">PV 444<\/a>&nbsp;&middot;&nbsp;<a href=\"https:\/\/www.veteranvolvo.hu\/?page_id=431&#038;view=forum&#038;id=129\">PV 544<\/a>&nbsp;&middot;&nbsp;<a href=\"https:\/\/www.veteranvolvo.hu\/?page_id=431&#038;view=forum&#038;id=130\">PV Duett<\/a>&nbsp;&middot;&nbsp;<a href=\"https:\/\/www.veteranvolvo.hu\/?page_id=431&#038;view=forum&#038;id=142\">Elad\u00f3 alkatr\u00e9szek<\/a>&nbsp;&middot;&nbsp;<a href=\"https:\/\/www.veteranvolvo.hu\/?page_id=431&#038;view=forum&#038;id=143\">Megmaradt \u00faj alkatr\u00e9szek<\/a>&nbsp;&middot;&nbsp;<a href=\"https:\/\/www.veteranvolvo.hu\/?page_id=431&#038;view=forum&#038;id=144\">Alkatr\u00e9sz bont\u00e1sok<\/a>&nbsp;&middot;&nbsp;<a href=\"https:\/\/www.veteranvolvo.hu\/?page_id=431&#038;view=forum&#038;id=145\">PV 444\/544\/Duett Adok-veszek<\/a><\/small><\/div><div class=\"forum-poster\"><small class=\"no-topics\">No topics yet!<\/small><\/div><\/div><\/div><div class=\"title-element\" id=\"forum-category-24\">P1800-as f\u00f3rum<span class=\"last-post-headline\">Last post<\/span><\/div><div class=\"content-container\"><div class=\"content-element forum\" id=\"forum-14\"><div class=\"forum-status read\"><i class=\"fa fa-comments\"><\/i><\/div><div class=\"forum-name\"><a class=\"forum-title\" href=\"https:\/\/www.veteranvolvo.hu\/?page_id=431&#038;view=forum&#038;id=14\">P1800\/1800 ES<\/a><small class=\"forum-stats\">0 Topics&nbsp;&middot;&nbsp;0 bejegyz\u00e9s<\/small><small class=\"forum-lastpost-small\"><small class=\"no-topics\">No topics yet!<\/small><\/small><small class=\"forum-subforums\"><b>Subforums:<\/b>&nbsp;<a href=\"https:\/\/www.veteranvolvo.hu\/?page_id=431&#038;view=forum&#038;id=146\">Alkatr\u00e9szt keresek\/Eladok<\/a>&nbsp;&middot;&nbsp;<a href=\"https:\/\/www.veteranvolvo.hu\/?page_id=431&#038;view=forum&#038;id=147\">Alkatr\u00e9sz bont\u00e1sok<\/a>&nbsp;&middot;&nbsp;<a href=\"https:\/\/www.veteranvolvo.hu\/?page_id=431&#038;view=forum&#038;id=148\">Megmaradt \u00faj alkatr\u00e9szek<\/a>&nbsp;&middot;&nbsp;<a href=\"https:\/\/www.veteranvolvo.hu\/?page_id=431&#038;view=forum&#038;id=149\">P 1800 adok-veszek<\/a><\/small><\/div><div class=\"forum-poster\"><small class=\"no-topics\">No topics yet!<\/small><\/div><\/div><div class=\"content-element forum\" id=\"forum-184\"><div class=\"forum-status read\"><i class=\"fa fa-comments\"><\/i><\/div><div class=\"forum-name\"><a class=\"forum-title\" href=\"https:\/\/www.veteranvolvo.hu\/?page_id=431&#038;view=forum&#038;id=184\">A P1800 a fens\u00e9ges aut\u00f3k egyike<\/a><small class=\"forum-description\">Minden ami P1800. k\u00fccs\u00edn, belbecs, jav\u00edt\u00e1s, restaur\u00e1l\u00e1s. \ud83d\ude42<\/small><small class=\"forum-stats\">0 Topics&nbsp;&middot;&nbsp;0 bejegyz\u00e9s<\/small><small class=\"forum-lastpost-small\"><small class=\"no-topics\">No topics yet!<\/small><\/small><\/div><div class=\"forum-poster\"><small class=\"no-topics\">No topics yet!<\/small><\/div><\/div><\/div><div class=\"title-element\" id=\"forum-category-22\">Amazon<span class=\"last-post-headline\">Last post<\/span><\/div><div class=\"content-container\"><div class=\"content-element forum\" id=\"forum-25\"><div class=\"forum-status unread\"><i class=\"fa fa-comments\"><\/i><\/div><div class=\"forum-name\"><a class=\"forum-title\" href=\"https:\/\/www.veteranvolvo.hu\/?page_id=431&#038;view=forum&#038;id=25\">P120\/122s<\/a><small class=\"forum-stats\">1 Topic&nbsp;&middot;&nbsp;3 bejegyz\u00e9s<\/small><small class=\"forum-lastpost-small\">Last post:&nbsp;<a href=\"https:\/\/www.veteranvolvo.hu\/?page_id=431&#038;view=topic&#038;id=5#postid-34\">R\u00e9gi k\u00e9p 2.<\/a>&nbsp;&middot;&nbsp;<a href=\"https:\/\/www.veteranvolvo.hu\/?page_id=431&#038;view=topic&#038;id=5#postid-34\">8 \u00e9v id\u0151vel kor\u00e1bban<\/a>&nbsp;&middot;&nbsp;<a class=\"profile-link highlight-admin\" href=\"#\">Dinom<\/a><\/small><\/div><div class=\"forum-poster\"><div class=\"forum-poster-avatar\"><img alt='' src='https:\/\/www.veteranvolvo.hu\/wp-content\/uploads\/2018\/02\/15027404_1242758235780631_5534169926539373715_n-150x150.jpg' class='avatar avatar-40 photo' height='40' width='40' \/><\/div><div class=\"forum-poster-summary\"><a href=\"https:\/\/www.veteranvolvo.hu\/?page_id=431&#038;view=topic&#038;id=5#postid-34\">R\u00e9gi k\u00e9p 2.<\/a><br><small><a href=\"https:\/\/www.veteranvolvo.hu\/?page_id=431&#038;view=topic&#038;id=5#postid-34\">8 \u00e9v id\u0151vel kor\u00e1bban<\/a><span>&nbsp;&middot;&nbsp;<\/span><a class=\"profile-link highlight-admin\" href=\"#\">Dinom<\/a><\/small><\/div><\/div><\/div><div class=\"content-element forum\" id=\"forum-26\"><div class=\"forum-status read\"><i class=\"fa fa-comments\"><\/i><\/div><div class=\"forum-name\"><a class=\"forum-title\" href=\"https:\/\/www.veteranvolvo.hu\/?page_id=431&#038;view=forum&#038;id=26\">P130<\/a><small class=\"forum-stats\">0 Topics&nbsp;&middot;&nbsp;0 bejegyz\u00e9s<\/small><small class=\"forum-lastpost-small\"><small class=\"no-topics\">No topics yet!<\/small><\/small><\/div><div class=\"forum-poster\"><small class=\"no-topics\">No topics yet!<\/small><\/div><\/div><div class=\"content-element forum\" id=\"forum-27\"><div class=\"forum-status unread\"><i class=\"fa fa-comments\"><\/i><\/div><div class=\"forum-name\"><a class=\"forum-title\" href=\"https:\/\/www.veteranvolvo.hu\/?page_id=431&#038;view=forum&#038;id=27\">P220 Estate<\/a><small class=\"forum-stats\">1 Topic&nbsp;&middot;&nbsp;1 bejegyz\u00e9s<\/small><small class=\"forum-lastpost-small\">Last post:&nbsp;<a href=\"https:\/\/www.veteranvolvo.hu\/?page_id=431&#038;view=topic&#038;id=4#postid-8\">R\u00e9gi k\u00e9p<\/a>&nbsp;&middot;&nbsp;<a href=\"https:\/\/www.veteranvolvo.hu\/?page_id=431&#038;view=topic&#038;id=4#postid-8\">8 \u00e9v id\u0151vel kor\u00e1bban<\/a>&nbsp;&middot;&nbsp;<a class=\"profile-link highlight-moderator\" href=\"#\">Keresztes Szabolcs<\/a><\/small><\/div><div class=\"forum-poster\"><div class=\"forum-poster-avatar\"><img alt='' src='https:\/\/www.veteranvolvo.hu\/wp-content\/uploads\/2018\/02\/100_5804-150x150.jpg' class='avatar avatar-40 photo' height='40' width='40' \/><\/div><div class=\"forum-poster-summary\"><a href=\"https:\/\/www.veteranvolvo.hu\/?page_id=431&#038;view=topic&#038;id=4#postid-8\">R\u00e9gi k\u00e9p<\/a><br><small><a href=\"https:\/\/www.veteranvolvo.hu\/?page_id=431&#038;view=topic&#038;id=4#postid-8\">8 \u00e9v id\u0151vel kor\u00e1bban<\/a><span>&nbsp;&middot;&nbsp;<\/span><a class=\"profile-link highlight-moderator\" href=\"#\">Keresztes Szabolcs<\/a><\/small><\/div><\/div><\/div><div class=\"content-element forum\" id=\"forum-28\"><div class=\"forum-status read\"><i class=\"fa fa-comments\"><\/i><\/div><div class=\"forum-name\"><a class=\"forum-title\" href=\"https:\/\/www.veteranvolvo.hu\/?page_id=431&#038;view=forum&#038;id=28\">Amazon GT<\/a><small class=\"forum-stats\">0 Topics&nbsp;&middot;&nbsp;0 bejegyz\u00e9s<\/small><small class=\"forum-lastpost-small\"><small class=\"no-topics\">No topics yet!<\/small><\/small><\/div><div class=\"forum-poster\"><small class=\"no-topics\">No topics yet!<\/small><\/div><\/div><div class=\"content-element forum\" id=\"forum-70\"><div class=\"forum-status read\"><i class=\"fa fa-comments\"><\/i><\/div><div class=\"forum-name\"><a class=\"forum-title\" href=\"https:\/\/www.veteranvolvo.hu\/?page_id=431&#038;view=forum&#038;id=70\">Alkatr\u00e9szt keresek\/eladok<\/a><small class=\"forum-description\">Amire s\u00fcks\u00e9ged van az aut\u00f3d jobb\u00e1, szebb\u00e9 t\u00e9tel\u00e9hez.<\/small><small class=\"forum-stats\">0 Topics&nbsp;&middot;&nbsp;0 bejegyz\u00e9s<\/small><small class=\"forum-lastpost-small\"><small class=\"no-topics\">No topics yet!<\/small><\/small><small class=\"forum-subforums\"><b>Subforums:<\/b>&nbsp;<a href=\"https:\/\/www.veteranvolvo.hu\/?page_id=431&#038;view=forum&#038;id=133\">Alkatr\u00e9sz bont\u00e1sok<\/a>&nbsp;&middot;&nbsp;<a href=\"https:\/\/www.veteranvolvo.hu\/?page_id=431&#038;view=forum&#038;id=134\">Megmaradt \u00faj alkatr\u00e9szek<\/a>&nbsp;&middot;&nbsp;<a href=\"https:\/\/www.veteranvolvo.hu\/?page_id=431&#038;view=forum&#038;id=135\">Alkatr\u00e9szt keresek<\/a>&nbsp;&middot;&nbsp;<a href=\"https:\/\/www.veteranvolvo.hu\/?page_id=431&#038;view=forum&#038;id=185\">Amazon adok-veszek<\/a><\/small><\/div><div class=\"forum-poster\"><small class=\"no-topics\">No topics yet!<\/small><\/div><\/div><\/div><div class=\"title-element\" id=\"forum-category-26\">C202\/C303 Lapplander<span class=\"last-post-headline\">Last post<\/span><\/div><div class=\"content-container\"><div class=\"content-element forum\" id=\"forum-200\"><div class=\"forum-status read\"><i class=\"fa fa-comments\"><\/i><\/div><div class=\"forum-name\"><a class=\"forum-title\" href=\"https:\/\/www.veteranvolvo.hu\/?page_id=431&#038;view=forum&#038;id=200\">C202 Laplander 1977 Csepel<\/a><small class=\"forum-description\">Minden ami err\u0151l a Lapir\u00f3l tudhat\u00f3 \u00e9s tudni illik<\/small><small class=\"forum-stats\">0 Topics&nbsp;&middot;&nbsp;0 bejegyz\u00e9s<\/small><small class=\"forum-lastpost-small\"><small class=\"no-topics\">No topics yet!<\/small><\/small><small class=\"forum-subforums\"><b>Subforums:<\/b>&nbsp;<a href=\"https:\/\/www.veteranvolvo.hu\/?page_id=431&#038;view=forum&#038;id=201\">C202 jav\u00edt\u00e1sok<\/a><\/small><\/div><div class=\"forum-poster\"><small class=\"no-topics\">No topics yet!<\/small><\/div><\/div><div class=\"content-element forum\" id=\"forum-202\"><div class=\"forum-status read\"><i class=\"fa fa-comments\"><\/i><\/div><div class=\"forum-name\"><a class=\"forum-title\" href=\"https:\/\/www.veteranvolvo.hu\/?page_id=431&#038;view=forum&#038;id=202\">C303 Laplander L3314-15<\/a><small class=\"forum-description\">Minden ami err\u0151l a Lapir\u00f3l tudhat\u00f3 \u00e9s tudni illik<\/small><small class=\"forum-stats\">0 Topics&nbsp;&middot;&nbsp;0 bejegyz\u00e9s<\/small><small class=\"forum-lastpost-small\"><small class=\"no-topics\">No topics yet!<\/small><\/small><\/div><div class=\"forum-poster\"><small class=\"no-topics\">No topics yet!<\/small><\/div><\/div><\/div><div class=\"title-element\" id=\"forum-category-6\">140\/160-as f\u00f3rum<span class=\"last-post-headline\">Last post<\/span><\/div><div class=\"content-container\"><div class=\"content-element forum\" id=\"forum-19\"><div class=\"forum-status read\"><i class=\"fa fa-comments\"><\/i><\/div><div class=\"forum-name\"><a class=\"forum-title\" href=\"https:\/\/www.veteranvolvo.hu\/?page_id=431&#038;view=forum&#038;id=19\">142<\/a><small class=\"forum-stats\">0 Topics&nbsp;&middot;&nbsp;0 bejegyz\u00e9s<\/small><small class=\"forum-lastpost-small\"><small class=\"no-topics\">No topics yet!<\/small><\/small><small class=\"forum-subforums\"><b>Subforums:<\/b>&nbsp;<a href=\"https:\/\/www.veteranvolvo.hu\/?page_id=431&#038;view=forum&#038;id=150\">Alkatr\u00e9szt keresek\/eladok<\/a>&nbsp;&middot;&nbsp;<a href=\"https:\/\/www.veteranvolvo.hu\/?page_id=431&#038;view=forum&#038;id=155\">Megmaradt \u00faj alkatr\u00e9szek<\/a>&nbsp;&middot;&nbsp;<a href=\"https:\/\/www.veteranvolvo.hu\/?page_id=431&#038;view=forum&#038;id=156\">Alkatr\u00e9sz bont\u00e1sok<\/a>&nbsp;&middot;&nbsp;<a href=\"https:\/\/www.veteranvolvo.hu\/?page_id=431&#038;view=forum&#038;id=180\">142-est keresek\/eladok<\/a><\/small><\/div><div class=\"forum-poster\"><small class=\"no-topics\">No topics yet!<\/small><\/div><\/div><div class=\"content-element forum\" id=\"forum-20\"><div class=\"forum-status unread\"><i class=\"fa fa-comments\"><\/i><\/div><div class=\"forum-name\"><a class=\"forum-title\" href=\"https:\/\/www.veteranvolvo.hu\/?page_id=431&#038;view=forum&#038;id=20\">144\/145<\/a><small class=\"forum-stats\">1 Topic&nbsp;&middot;&nbsp;6 bejegyz\u00e9s<\/small><small class=\"forum-lastpost-small\">Last post:&nbsp;<a href=\"https:\/\/www.veteranvolvo.hu\/?page_id=431&#038;view=topic&#038;id=109#postid-292\">144<\/a>&nbsp;&middot;&nbsp;<a href=\"https:\/\/www.veteranvolvo.hu\/?page_id=431&#038;view=topic&#038;id=109#postid-292\">6 \u00e9v id\u0151vel kor\u00e1bban<\/a>&nbsp;&middot;&nbsp;<a class=\"profile-link highlight-default\" href=\"#\">144fanatic<\/a><\/small><small class=\"forum-subforums\"><b>Subforums:<\/b>&nbsp;<a href=\"https:\/\/www.veteranvolvo.hu\/?page_id=431&#038;view=forum&#038;id=151\">Alkatr\u00e9szt keresek\/eladok<\/a>&nbsp;&middot;&nbsp;<a href=\"https:\/\/www.veteranvolvo.hu\/?page_id=431&#038;view=forum&#038;id=154\">Megmaradt \u00faj alkatr\u00e9szek<\/a>&nbsp;&middot;&nbsp;<a href=\"https:\/\/www.veteranvolvo.hu\/?page_id=431&#038;view=forum&#038;id=157\">Alkatr\u00e9sz bont\u00e1sok<\/a>&nbsp;&middot;&nbsp;<a href=\"https:\/\/www.veteranvolvo.hu\/?page_id=431&#038;view=forum&#038;id=181\">144\/145-\u00f6st keresek\/eladok<\/a><\/small><\/div><div class=\"forum-poster\"><div class=\"forum-poster-avatar\"><img alt='' src='https:\/\/www.veteranvolvo.hu\/wp-content\/uploads\/2020\/01\/user-159-100x100.jpg' srcset='https:\/\/www.veteranvolvo.hu\/wp-content\/uploads\/2020\/01\/user-159-100x100.jpg 2x' class='avatar avatar-40 photo avatar-default' height='40' width='40' \/><\/div><div class=\"forum-poster-summary\"><a href=\"https:\/\/www.veteranvolvo.hu\/?page_id=431&#038;view=topic&#038;id=109#postid-292\">144<\/a><br><small><a href=\"https:\/\/www.veteranvolvo.hu\/?page_id=431&#038;view=topic&#038;id=109#postid-292\">6 \u00e9v id\u0151vel kor\u00e1bban<\/a><span>&nbsp;&middot;&nbsp;<\/span><a class=\"profile-link highlight-default\" href=\"#\">144fanatic<\/a><\/small><\/div><\/div><\/div><div class=\"content-element forum\" id=\"forum-21\"><div class=\"forum-status read\"><i class=\"fa fa-comments\"><\/i><\/div><div class=\"forum-name\"><a class=\"forum-title\" href=\"https:\/\/www.veteranvolvo.hu\/?page_id=431&#038;view=forum&#038;id=21\">164\/165<\/a><small class=\"forum-stats\">0 Topics&nbsp;&middot;&nbsp;0 bejegyz\u00e9s<\/small><small class=\"forum-lastpost-small\"><small class=\"no-topics\">No topics yet!<\/small><\/small><small class=\"forum-subforums\"><b>Subforums:<\/b>&nbsp;<a href=\"https:\/\/www.veteranvolvo.hu\/?page_id=431&#038;view=forum&#038;id=152\">Alkatr\u00e9szt keresek\/eladok<\/a>&nbsp;&middot;&nbsp;<a href=\"https:\/\/www.veteranvolvo.hu\/?page_id=431&#038;view=forum&#038;id=153\">Megmaradt \u00faj alkatr\u00e9szek<\/a>&nbsp;&middot;&nbsp;<a href=\"https:\/\/www.veteranvolvo.hu\/?page_id=431&#038;view=forum&#038;id=158\">Alkatr\u00e9sz bont\u00e1sok<\/a>&nbsp;&middot;&nbsp;<a href=\"https:\/\/www.veteranvolvo.hu\/?page_id=431&#038;view=forum&#038;id=182\">164\/165-\u00f6st keresek\/eladok<\/a><\/small><\/div><div class=\"forum-poster\"><small class=\"no-topics\">No topics yet!<\/small><\/div><\/div><\/div><div class=\"title-element\" id=\"forum-category-27\">DAF 66<span class=\"last-post-headline\">Last post<\/span><\/div><div class=\"content-container\"><div class=\"content-element forum\" id=\"forum-136\"><div class=\"forum-status read\"><i class=\"fa fa-comments\"><\/i><\/div><div class=\"forum-name\"><a class=\"forum-title\" href=\"https:\/\/www.veteranvolvo.hu\/?page_id=431&#038;view=forum&#038;id=136\">Daf 66<\/a><small class=\"forum-description\">Minden ami a t\u00edpussal kapcsolatos<\/small><small class=\"forum-stats\">0 Topics&nbsp;&middot;&nbsp;0 bejegyz\u00e9s<\/small><small class=\"forum-lastpost-small\"><small class=\"no-topics\">No topics yet!<\/small><\/small><\/div><div class=\"forum-poster\"><small class=\"no-topics\">No topics yet!<\/small><\/div><\/div><div class=\"content-element forum\" id=\"forum-139\"><div class=\"forum-status read\"><i class=\"fa fa-comments\"><\/i><\/div><div class=\"forum-name\"><a class=\"forum-title\" href=\"https:\/\/www.veteranvolvo.hu\/?page_id=431&#038;view=forum&#038;id=139\">Bontott alkatr\u00e9szek<\/a><small class=\"forum-stats\">0 Topics&nbsp;&middot;&nbsp;0 bejegyz\u00e9s<\/small><small class=\"forum-lastpost-small\"><small class=\"no-topics\">No topics yet!<\/small><\/small><\/div><div class=\"forum-poster\"><small class=\"no-topics\">No topics yet!<\/small><\/div><\/div><\/div><div class=\"title-element\" id=\"forum-category-7\">240\/260-as f\u00f3rum<span class=\"last-post-headline\">Last post<\/span><\/div><div class=\"content-container\"><div class=\"content-element forum\" id=\"forum-12\"><div class=\"forum-status unread\"><i class=\"fa fa-comments\"><\/i><\/div><div class=\"forum-name\"><a class=\"forum-title\" href=\"https:\/\/www.veteranvolvo.hu\/?page_id=431&#038;view=forum&#038;id=12\">244\/245<\/a><small class=\"forum-stats\">4 Topics&nbsp;&middot;&nbsp;8 bejegyz\u00e9s<\/small><small class=\"forum-lastpost-small\">Last post:&nbsp;<a href=\"https:\/\/www.veteranvolvo.hu\/?page_id=431&#038;view=topic&#038;id=47#postid-84\">Weber\/Dellorto kontra K-jet<\/a>&nbsp;&middot;&nbsp;<a href=\"https:\/\/www.veteranvolvo.hu\/?page_id=431&#038;view=topic&#038;id=47#postid-84\">7 \u00e9v id\u0151vel kor\u00e1bban<\/a>&nbsp;&middot;&nbsp;<a class=\"profile-link highlight-admin\" href=\"#\">Dinom<\/a><\/small><small class=\"forum-subforums\"><b>Subforums:<\/b>&nbsp;<a href=\"https:\/\/www.veteranvolvo.hu\/?page_id=431&#038;view=forum&#038;id=159\">Alkatr\u00e9sz bont\u00e1sok<\/a>&nbsp;&middot;&nbsp;<a href=\"https:\/\/www.veteranvolvo.hu\/?page_id=431&#038;view=forum&#038;id=163\">Megmaradt \u00faj alkatr\u00e9szek<\/a>&nbsp;&middot;&nbsp;<a href=\"https:\/\/www.veteranvolvo.hu\/?page_id=431&#038;view=forum&#038;id=167\">Alkatr\u00e9szt keresek<\/a>&nbsp;&middot;&nbsp;<a href=\"https:\/\/www.veteranvolvo.hu\/?page_id=431&#038;view=forum&#038;id=171\">244\/245 adok-veszek<\/a><\/small><\/div><div class=\"forum-poster\"><div class=\"forum-poster-avatar\"><img alt='' src='https:\/\/www.veteranvolvo.hu\/wp-content\/uploads\/2018\/02\/15027404_1242758235780631_5534169926539373715_n-150x150.jpg' class='avatar avatar-40 photo' height='40' width='40' \/><\/div><div class=\"forum-poster-summary\"><a href=\"https:\/\/www.veteranvolvo.hu\/?page_id=431&#038;view=topic&#038;id=47#postid-84\">Weber\/Dellorto kontra K-j &#8230;<\/a><br><small><a href=\"https:\/\/www.veteranvolvo.hu\/?page_id=431&#038;view=topic&#038;id=47#postid-84\">7 \u00e9v id\u0151vel kor\u00e1bban<\/a><span>&nbsp;&middot;&nbsp;<\/span><a class=\"profile-link highlight-admin\" href=\"#\">Dinom<\/a><\/small><\/div><\/div><\/div><div class=\"content-element forum\" id=\"forum-13\"><div class=\"forum-status read\"><i class=\"fa fa-comments\"><\/i><\/div><div class=\"forum-name\"><a class=\"forum-title\" href=\"https:\/\/www.veteranvolvo.hu\/?page_id=431&#038;view=forum&#038;id=13\">264\/265<\/a><small class=\"forum-stats\">0 Topics&nbsp;&middot;&nbsp;0 bejegyz\u00e9s<\/small><small class=\"forum-lastpost-small\"><small class=\"no-topics\">No topics yet!<\/small><\/small><small class=\"forum-subforums\"><b>Subforums:<\/b>&nbsp;<a href=\"https:\/\/www.veteranvolvo.hu\/?page_id=431&#038;view=forum&#038;id=160\">Alkatr\u00e9sz bont\u00e1sok<\/a>&nbsp;&middot;&nbsp;<a href=\"https:\/\/www.veteranvolvo.hu\/?page_id=431&#038;view=forum&#038;id=164\">Megmaradt \u00faj alkatr\u00e9szek<\/a>&nbsp;&middot;&nbsp;<a href=\"https:\/\/www.veteranvolvo.hu\/?page_id=431&#038;view=forum&#038;id=168\">Alkatr\u00e9szt keresek<\/a>&nbsp;&middot;&nbsp;<a href=\"https:\/\/www.veteranvolvo.hu\/?page_id=431&#038;view=forum&#038;id=172\">264\/265 adok-veszek<\/a><\/small><\/div><div class=\"forum-poster\"><small class=\"no-topics\">No topics yet!<\/small><\/div><\/div><div class=\"content-element forum\" id=\"forum-18\"><div class=\"forum-status read\"><i class=\"fa fa-comments\"><\/i><\/div><div class=\"forum-name\"><a class=\"forum-title\" href=\"https:\/\/www.veteranvolvo.hu\/?page_id=431&#038;view=forum&#038;id=18\">262 Bertone Coupe<\/a><small class=\"forum-stats\">0 Topics&nbsp;&middot;&nbsp;0 bejegyz\u00e9s<\/small><small class=\"forum-lastpost-small\"><small class=\"no-topics\">No topics yet!<\/small><\/small><small class=\"forum-subforums\"><b>Subforums:<\/b>&nbsp;<a href=\"https:\/\/www.veteranvolvo.hu\/?page_id=431&#038;view=forum&#038;id=161\">Alkatr\u00e9sz bont\u00e1sok<\/a>&nbsp;&middot;&nbsp;<a href=\"https:\/\/www.veteranvolvo.hu\/?page_id=431&#038;view=forum&#038;id=166\">Megmaradt \u00faj alkatr\u00e9szek<\/a>&nbsp;&middot;&nbsp;<a href=\"https:\/\/www.veteranvolvo.hu\/?page_id=431&#038;view=forum&#038;id=169\">Alkatr\u00e9szt keresek<\/a>&nbsp;&middot;&nbsp;<a href=\"https:\/\/www.veteranvolvo.hu\/?page_id=431&#038;view=forum&#038;id=173\">262 adok-veszek<\/a><\/small><\/div><div class=\"forum-poster\"><small class=\"no-topics\">No topics yet!<\/small><\/div><\/div><div class=\"content-element forum\" id=\"forum-22\"><div class=\"forum-status read\"><i class=\"fa fa-comments\"><\/i><\/div><div class=\"forum-name\"><a class=\"forum-title\" href=\"https:\/\/www.veteranvolvo.hu\/?page_id=431&#038;view=forum&#038;id=22\">242\/GT<\/a><small class=\"forum-stats\">0 Topics&nbsp;&middot;&nbsp;0 bejegyz\u00e9s<\/small><small class=\"forum-lastpost-small\"><small class=\"no-topics\">No topics yet!<\/small><\/small><small class=\"forum-subforums\"><b>Subforums:<\/b>&nbsp;<a href=\"https:\/\/www.veteranvolvo.hu\/?page_id=431&#038;view=forum&#038;id=162\">Alkatr\u00e9sz bont\u00e1sok<\/a>&nbsp;&middot;&nbsp;<a href=\"https:\/\/www.veteranvolvo.hu\/?page_id=431&#038;view=forum&#038;id=165\">Megmaradt \u00faj alkatr\u00e9szek<\/a>&nbsp;&middot;&nbsp;<a href=\"https:\/\/www.veteranvolvo.hu\/?page_id=431&#038;view=forum&#038;id=170\">Alkatr\u00e9szt keresek<\/a>&nbsp;&middot;&nbsp;<a href=\"https:\/\/www.veteranvolvo.hu\/?page_id=431&#038;view=forum&#038;id=174\">242 adok-veszek<\/a><\/small><\/div><div class=\"forum-poster\"><small class=\"no-topics\">No topics yet!<\/small><\/div><\/div><\/div><div class=\"title-element\" id=\"forum-category-13\">740\/760\/780-as f\u00f3rum<span class=\"last-post-headline\">Last post<\/span><\/div><div class=\"content-container\"><div class=\"content-element forum\" id=\"forum-10\"><div class=\"forum-status unread\"><i class=\"fa fa-comments\"><\/i><\/div><div class=\"forum-name\"><a class=\"forum-title\" href=\"https:\/\/www.veteranvolvo.hu\/?page_id=431&#038;view=forum&#038;id=10\">744\/745<\/a><small class=\"forum-stats\">29 Topics&nbsp;&middot;&nbsp;183 bejegyz\u00e9s<\/small><small class=\"forum-lastpost-small\">Last post:&nbsp;<a href=\"https:\/\/www.veteranvolvo.hu\/?page_id=431&#038;view=topic&#038;id=154#postid-461\">&quot;Ahol v\u00e1gnak ott hullik a forg\u00e1cs! &#8230;<\/a>&nbsp;&middot;&nbsp;<a href=\"https:\/\/www.veteranvolvo.hu\/?page_id=431&#038;view=topic&#038;id=154#postid-461\">5 \u00e9v id\u0151vel kor\u00e1bban<\/a>&nbsp;&middot;&nbsp;<a class=\"profile-link highlight-admin\" href=\"#\">Dinom<\/a><\/small><small class=\"forum-subforums\"><b>Subforums:<\/b>&nbsp;<a href=\"https:\/\/www.veteranvolvo.hu\/?page_id=431&#038;view=forum&#038;id=137\">Dinom 1990-es 744-es 2000cm3<\/a>&nbsp;&middot;&nbsp;<a href=\"https:\/\/www.veteranvolvo.hu\/?page_id=431&#038;view=forum&#038;id=138\">Fuxi projekt 744 =&gt; 754<\/a><\/small><\/div><div class=\"forum-poster\"><div class=\"forum-poster-avatar\"><img alt='' src='https:\/\/www.veteranvolvo.hu\/wp-content\/uploads\/2018\/02\/15027404_1242758235780631_5534169926539373715_n-150x150.jpg' class='avatar avatar-40 photo' height='40' width='40' \/><\/div><div class=\"forum-poster-summary\"><a href=\"https:\/\/www.veteranvolvo.hu\/?page_id=431&#038;view=topic&#038;id=154#postid-461\">&quot;Ahol v\u00e1gnak ott hullik a &#8230;<\/a><br><small><a href=\"https:\/\/www.veteranvolvo.hu\/?page_id=431&#038;view=topic&#038;id=154#postid-461\">5 \u00e9v id\u0151vel kor\u00e1bban<\/a><span>&nbsp;&middot;&nbsp;<\/span><a class=\"profile-link highlight-admin\" href=\"#\">Dinom<\/a><\/small><\/div><\/div><\/div><div class=\"content-element forum\" id=\"forum-11\"><div class=\"forum-status unread\"><i class=\"fa fa-comments\"><\/i><\/div><div class=\"forum-name\"><a class=\"forum-title\" href=\"https:\/\/www.veteranvolvo.hu\/?page_id=431&#038;view=forum&#038;id=11\">764\/765<\/a><small class=\"forum-stats\">1 Topic&nbsp;&middot;&nbsp;1 bejegyz\u00e9s<\/small><small class=\"forum-lastpost-small\">Last post:&nbsp;<a href=\"https:\/\/www.veteranvolvo.hu\/?page_id=431&#038;view=topic&#038;id=143#postid-397\">760-as Multilinkes felf\u00fcggeszt\u00e9s<\/a>&nbsp;&middot;&nbsp;<a href=\"https:\/\/www.veteranvolvo.hu\/?page_id=431&#038;view=topic&#038;id=143#postid-397\">6 \u00e9v id\u0151vel kor\u00e1bban<\/a>&nbsp;&middot;&nbsp;<a class=\"profile-link highlight-admin\" href=\"#\">Dinom<\/a><\/small><\/div><div class=\"forum-poster\"><div class=\"forum-poster-avatar\"><img alt='' src='https:\/\/www.veteranvolvo.hu\/wp-content\/uploads\/2018\/02\/15027404_1242758235780631_5534169926539373715_n-150x150.jpg' class='avatar avatar-40 photo' height='40' width='40' \/><\/div><div class=\"forum-poster-summary\"><a href=\"https:\/\/www.veteranvolvo.hu\/?page_id=431&#038;view=topic&#038;id=143#postid-397\">760-as Multilinkes felf\u00fcg &#8230;<\/a><br><small><a href=\"https:\/\/www.veteranvolvo.hu\/?page_id=431&#038;view=topic&#038;id=143#postid-397\">6 \u00e9v id\u0151vel kor\u00e1bban<\/a><span>&nbsp;&middot;&nbsp;<\/span><a class=\"profile-link highlight-admin\" href=\"#\">Dinom<\/a><\/small><\/div><\/div><\/div><div class=\"content-element forum\" id=\"forum-29\"><div class=\"forum-status read\"><i class=\"fa fa-comments\"><\/i><\/div><div class=\"forum-name\"><a class=\"forum-title\" href=\"https:\/\/www.veteranvolvo.hu\/?page_id=431&#038;view=forum&#038;id=29\">780 Bertone<\/a><small class=\"forum-stats\">0 Topics&nbsp;&middot;&nbsp;0 bejegyz\u00e9s<\/small><small class=\"forum-lastpost-small\"><small class=\"no-topics\">No topics yet!<\/small><\/small><\/div><div class=\"forum-poster\"><small class=\"no-topics\">No topics yet!<\/small><\/div><\/div><div class=\"content-element forum\" id=\"forum-42\"><div class=\"forum-status unread\"><i class=\"fa fa-comments\"><\/i><\/div><div class=\"forum-name\"><a class=\"forum-title\" href=\"https:\/\/www.veteranvolvo.hu\/?page_id=431&#038;view=forum&#038;id=42\">Elad\u00f3 700-asok, alkatr\u00e9sz adok-veszek \u00faj \u00e9s bontott<\/a><small class=\"forum-description\">Minden ami elad\u00f3 740\/760 \u00e9s alkatr\u00e9szeik (\u00faj \u00e9s bontott)<\/small><small class=\"forum-stats\">15 Topics&nbsp;&middot;&nbsp;19 bejegyz\u00e9s<\/small><small class=\"forum-lastpost-small\">Last post:&nbsp;<a href=\"https:\/\/www.veteranvolvo.hu\/?page_id=431&#038;view=topic&#038;id=158#postid-468\">Volvo 740 GL-hez vezeto oldali kil &#8230;<\/a>&nbsp;&middot;&nbsp;<a href=\"https:\/\/www.veteranvolvo.hu\/?page_id=431&#038;view=topic&#038;id=158#postid-468\">1 \u00e9v id\u0151vel kor\u00e1bban<\/a>&nbsp;&middot;&nbsp;<a class=\"profile-link highlight-default\" href=\"#\">Angyal Peter<\/a><\/small><small class=\"forum-subforums\"><b>Subforums:<\/b>&nbsp;<a href=\"https:\/\/www.veteranvolvo.hu\/?page_id=431&#038;view=forum&#038;id=177\">Megmaradt \u00faj alkatr\u00e9szek<\/a>&nbsp;&middot;&nbsp;<a href=\"https:\/\/www.veteranvolvo.hu\/?page_id=431&#038;view=forum&#038;id=178\">Alkatr\u00e9szt keresek<\/a>&nbsp;&middot;&nbsp;<a href=\"https:\/\/www.veteranvolvo.hu\/?page_id=431&#038;view=forum&#038;id=179\">740\/760 adok-veszek<\/a>&nbsp;&middot;&nbsp;<a href=\"https:\/\/www.veteranvolvo.hu\/?page_id=431&#038;view=forum&#038;id=203\">Elad\u00f3 Bontott alkatr\u00e9szek<\/a><\/small><\/div><div class=\"forum-poster\"><div class=\"forum-poster-avatar\"><img alt='' src='https:\/\/secure.gravatar.com\/avatar\/ca5f618ad1be592e64ae9a72c80bc673be45fcf4baac3d192b2059b2a5609f96?s=40&#038;d=mm&#038;r=g' srcset='https:\/\/secure.gravatar.com\/avatar\/ca5f618ad1be592e64ae9a72c80bc673be45fcf4baac3d192b2059b2a5609f96?s=80&#038;d=mm&#038;r=g 2x' class='avatar avatar-40 photo' height='40' width='40' \/><\/div><div class=\"forum-poster-summary\"><a href=\"https:\/\/www.veteranvolvo.hu\/?page_id=431&#038;view=topic&#038;id=158#postid-468\">Volvo 740 GL-hez vezeto o &#8230;<\/a><br><small><a href=\"https:\/\/www.veteranvolvo.hu\/?page_id=431&#038;view=topic&#038;id=158#postid-468\">1 \u00e9v id\u0151vel kor\u00e1bban<\/a><span>&nbsp;&middot;&nbsp;<\/span><a class=\"profile-link highlight-default\" href=\"#\">Angyal Peter<\/a><\/small><\/div><\/div><\/div><\/div><div class=\"title-element\" id=\"forum-category-16\">940\/960-as f\u00f3rum<span class=\"last-post-headline\">Last post<\/span><\/div><div class=\"content-container\"><div class=\"content-element forum\" id=\"forum-4\"><div class=\"forum-status unread\"><i class=\"fa fa-comments\"><\/i><\/div><div class=\"forum-name\"><a class=\"forum-title\" href=\"https:\/\/www.veteranvolvo.hu\/?page_id=431&#038;view=forum&#038;id=4\">944\/945<\/a><small class=\"forum-stats\">6 Topics&nbsp;&middot;&nbsp;10 bejegyz\u00e9s<\/small><small class=\"forum-lastpost-small\">Last post:&nbsp;<a href=\"https:\/\/www.veteranvolvo.hu\/?page_id=431&#038;view=topic&#038;id=136#postid-381\">Kard\u00e1n jel\u00f6l\u00e9sek (M90)<\/a>&nbsp;&middot;&nbsp;<a href=\"https:\/\/www.veteranvolvo.hu\/?page_id=431&#038;view=topic&#038;id=136#postid-381\">6 \u00e9v id\u0151vel kor\u00e1bban<\/a>&nbsp;&middot;&nbsp;<a class=\"profile-link highlight-default\" href=\"#\">Levente<\/a><\/small><small class=\"forum-subforums\"><b>Subforums:<\/b>&nbsp;<a href=\"https:\/\/www.veteranvolvo.hu\/?page_id=431&#038;view=forum&#038;id=196\">Huginn_the_volvo 944 1991 B230FB<\/a><\/small><\/div><div class=\"forum-poster\"><div class=\"forum-poster-avatar\"><img alt='' src='https:\/\/secure.gravatar.com\/avatar\/2cd54575d5ea5dbfed0870975c52f7a6bd1efbfc272bbb16a2ec38617b784892?s=40&#038;d=mm&#038;r=g' srcset='https:\/\/secure.gravatar.com\/avatar\/2cd54575d5ea5dbfed0870975c52f7a6bd1efbfc272bbb16a2ec38617b784892?s=80&#038;d=mm&#038;r=g 2x' class='avatar avatar-40 photo' height='40' width='40' \/><\/div><div class=\"forum-poster-summary\"><a href=\"https:\/\/www.veteranvolvo.hu\/?page_id=431&#038;view=topic&#038;id=136#postid-381\">Kard\u00e1n jel\u00f6l\u00e9sek (M90)<\/a><br><small><a href=\"https:\/\/www.veteranvolvo.hu\/?page_id=431&#038;view=topic&#038;id=136#postid-381\">6 \u00e9v id\u0151vel kor\u00e1bban<\/a><span>&nbsp;&middot;&nbsp;<\/span><a class=\"profile-link highlight-default\" href=\"#\">Levente<\/a><\/small><\/div><\/div><\/div><div class=\"content-element forum\" id=\"forum-5\"><div class=\"forum-status unread\"><i class=\"fa fa-comments\"><\/i><\/div><div class=\"forum-name\"><a class=\"forum-title\" href=\"https:\/\/www.veteranvolvo.hu\/?page_id=431&#038;view=forum&#038;id=5\">964\/965<\/a><small class=\"forum-stats\">2 Topics&nbsp;&middot;&nbsp;10 bejegyz\u00e9s<\/small><small class=\"forum-lastpost-small\">Last post:&nbsp;<a href=\"https:\/\/www.veteranvolvo.hu\/?page_id=431&#038;view=topic&#038;id=115#postid-448\">960 Limousine<\/a>&nbsp;&middot;&nbsp;<a href=\"https:\/\/www.veteranvolvo.hu\/?page_id=431&#038;view=topic&#038;id=115#postid-448\">6 \u00e9v id\u0151vel kor\u00e1bban<\/a>&nbsp;&middot;&nbsp;<a class=\"profile-link highlight-admin\" href=\"#\">czimbi-adm<\/a><\/small><\/div><div class=\"forum-poster\"><div class=\"forum-poster-avatar\"><img alt='' src='https:\/\/www.veteranvolvo.hu\/wp-content\/uploads\/2018\/01\/CzR-129x150.jpg' class='avatar avatar-40 photo' height='40' width='40' \/><\/div><div class=\"forum-poster-summary\"><a href=\"https:\/\/www.veteranvolvo.hu\/?page_id=431&#038;view=topic&#038;id=115#postid-448\">960 Limousine<\/a><br><small><a href=\"https:\/\/www.veteranvolvo.hu\/?page_id=431&#038;view=topic&#038;id=115#postid-448\">6 \u00e9v id\u0151vel kor\u00e1bban<\/a><span>&nbsp;&middot;&nbsp;<\/span><a class=\"profile-link highlight-admin\" href=\"#\">czimbi-adm<\/a><\/small><\/div><\/div><\/div><div class=\"content-element forum\" id=\"forum-46\"><div class=\"forum-status read\"><i class=\"fa fa-comments\"><\/i><\/div><div class=\"forum-name\"><a class=\"forum-title\" href=\"https:\/\/www.veteranvolvo.hu\/?page_id=431&#038;view=forum&#038;id=46\">Elad\u00f3 900-asok, alkatr\u00e9sz adok-veszek \u00faj \u00e9s bontott<\/a><small class=\"forum-description\">Minden ami elad\u00f3 940\/960 \u00e9s alkatr\u00e9szeik (\u00faj \u00e9s bontott)<\/small><small class=\"forum-stats\">0 Topics&nbsp;&middot;&nbsp;0 bejegyz\u00e9s<\/small><small class=\"forum-lastpost-small\"><small class=\"no-topics\">No topics yet!<\/small><\/small><small class=\"forum-subforums\"><b>Subforums:<\/b>&nbsp;<a href=\"https:\/\/www.veteranvolvo.hu\/?page_id=431&#038;view=forum&#038;id=189\">Megmaradt \u00faj alkatr\u00e9szek<\/a>&nbsp;&middot;&nbsp;<a href=\"https:\/\/www.veteranvolvo.hu\/?page_id=431&#038;view=forum&#038;id=190\">Alkatr\u00e9szt keresek<\/a>&nbsp;&middot;&nbsp;<a href=\"https:\/\/www.veteranvolvo.hu\/?page_id=431&#038;view=forum&#038;id=191\">940\/960 adok-veszek<\/a><\/small><\/div><div class=\"forum-poster\"><small class=\"no-topics\">No topics yet!<\/small><\/div><\/div><\/div><div class=\"title-element\" id=\"forum-category-9\">340\/360-as f\u00f3rum<span class=\"last-post-headline\">Last post<\/span><\/div><div class=\"content-container\"><div class=\"content-element forum\" id=\"forum-16\"><div class=\"forum-status unread\"><i class=\"fa fa-comments\"><\/i><\/div><div class=\"forum-name\"><a class=\"forum-title\" href=\"https:\/\/www.veteranvolvo.hu\/?page_id=431&#038;view=forum&#038;id=16\">340 hib\u00e1k, probl\u00e9m\u00e1k, \u00f6tletek<\/a><small class=\"forum-stats\">3 Topics&nbsp;&middot;&nbsp;3 bejegyz\u00e9s<\/small><small class=\"forum-lastpost-small\">Last post:&nbsp;<a href=\"https:\/\/www.veteranvolvo.hu\/?page_id=431&#038;view=topic&#038;id=130#postid-366\">1.6D vez\u00e9rm\u0171 tengely t\u00f6r\u00e9s<\/a>&nbsp;&middot;&nbsp;<a href=\"https:\/\/www.veteranvolvo.hu\/?page_id=431&#038;view=topic&#038;id=130#postid-366\">6 \u00e9v id\u0151vel kor\u00e1bban<\/a>&nbsp;&middot;&nbsp;<a class=\"profile-link highlight-default\" href=\"#\">Lesty\u00e1n Bal\u00e1zs<\/a><\/small><\/div><div class=\"forum-poster\"><div class=\"forum-poster-avatar\"><img alt='' src='https:\/\/www.veteranvolvo.hu\/wp-content\/uploads\/2020\/06\/user-55-100x100.jpg' srcset='https:\/\/www.veteranvolvo.hu\/wp-content\/uploads\/2020\/06\/user-55-100x100.jpg 2x' class='avatar avatar-40 photo avatar-default' height='40' width='40' \/><\/div><div class=\"forum-poster-summary\"><a href=\"https:\/\/www.veteranvolvo.hu\/?page_id=431&#038;view=topic&#038;id=130#postid-366\">1.6D vez\u00e9rm\u0171 tengely t\u00f6r\u00e9 &#8230;<\/a><br><small><a href=\"https:\/\/www.veteranvolvo.hu\/?page_id=431&#038;view=topic&#038;id=130#postid-366\">6 \u00e9v id\u0151vel kor\u00e1bban<\/a><span>&nbsp;&middot;&nbsp;<\/span><a class=\"profile-link highlight-default\" href=\"#\">Lesty\u00e1n Bal\u00e1zs<\/a><\/small><\/div><\/div><\/div><div class=\"content-element forum\" id=\"forum-32\"><div class=\"forum-status unread\"><i class=\"fa fa-comments\"><\/i><\/div><div class=\"forum-name\"><a class=\"forum-title\" href=\"https:\/\/www.veteranvolvo.hu\/?page_id=431&#038;view=forum&#038;id=32\">300-as t\u00e1rsalg\u00f3<\/a><small class=\"forum-description\">Minden ami a mindennapokban el\u0151fordul \u00e9s minden amit a 300 r\u00f3l tudni illik.<\/small><small class=\"forum-stats\">1 Topic&nbsp;&middot;&nbsp;3 bejegyz\u00e9s<\/small><small class=\"forum-lastpost-small\">Last post:&nbsp;<a href=\"https:\/\/www.veteranvolvo.hu\/?page_id=431&#038;view=topic&#038;id=82#postid-209\">Keresek!!!<\/a>&nbsp;&middot;&nbsp;<a href=\"https:\/\/www.veteranvolvo.hu\/?page_id=431&#038;view=topic&#038;id=82#postid-209\">6 \u00e9v id\u0151vel kor\u00e1bban<\/a>&nbsp;&middot;&nbsp;<a class=\"profile-link highlight-default\" href=\"#\">Lesty\u00e1n Bal\u00e1zs<\/a><\/small><\/div><div class=\"forum-poster\"><div class=\"forum-poster-avatar\"><img alt='' src='https:\/\/www.veteranvolvo.hu\/wp-content\/uploads\/2020\/06\/user-55-100x100.jpg' srcset='https:\/\/www.veteranvolvo.hu\/wp-content\/uploads\/2020\/06\/user-55-100x100.jpg 2x' class='avatar avatar-40 photo avatar-default' height='40' width='40' \/><\/div><div class=\"forum-poster-summary\"><a href=\"https:\/\/www.veteranvolvo.hu\/?page_id=431&#038;view=topic&#038;id=82#postid-209\">Keresek!!!<\/a><br><small><a href=\"https:\/\/www.veteranvolvo.hu\/?page_id=431&#038;view=topic&#038;id=82#postid-209\">6 \u00e9v id\u0151vel kor\u00e1bban<\/a><span>&nbsp;&middot;&nbsp;<\/span><a class=\"profile-link highlight-default\" href=\"#\">Lesty\u00e1n Bal\u00e1zs<\/a><\/small><\/div><\/div><\/div><div class=\"content-element forum\" id=\"forum-50\"><div class=\"forum-status unread\"><i class=\"fa fa-comments\"><\/i><\/div><div class=\"forum-name\"><a class=\"forum-title\" href=\"https:\/\/www.veteranvolvo.hu\/?page_id=431&#038;view=forum&#038;id=50\">Elad\u00f3 300-as, alkatr\u00e9sz adok-veszek \u00faj \u00e9s bontott<\/a><small class=\"forum-description\">Minden ami elad\u00f3 340\/360 \u00e9s alkatr\u00e9szeik (\u00faj \u00e9s bontott)<\/small><small class=\"forum-stats\">2 Topics&nbsp;&middot;&nbsp;2 bejegyz\u00e9s<\/small><small class=\"forum-lastpost-small\">Last post:&nbsp;<a href=\"https:\/\/www.veteranvolvo.hu\/?page_id=431&#038;view=topic&#038;id=112#postid-293\">340GL 1.6 diesel  166000Km<\/a>&nbsp;&middot;&nbsp;<a href=\"https:\/\/www.veteranvolvo.hu\/?page_id=431&#038;view=topic&#038;id=112#postid-293\">6 \u00e9v id\u0151vel kor\u00e1bban<\/a>&nbsp;&middot;&nbsp;<a class=\"profile-link highlight-default\" href=\"#\">Gabor Nagy<\/a><\/small><small class=\"forum-subforums\"><b>Subforums:<\/b>&nbsp;<a href=\"https:\/\/www.veteranvolvo.hu\/?page_id=431&#038;view=forum&#038;id=175\">Megmaradt \u00faj alkatr\u00e9szek<\/a>&nbsp;&middot;&nbsp;<a href=\"https:\/\/www.veteranvolvo.hu\/?page_id=431&#038;view=forum&#038;id=176\">Alkatr\u00e9szt keresek<\/a>&nbsp;&middot;&nbsp;<a href=\"https:\/\/www.veteranvolvo.hu\/?page_id=431&#038;view=forum&#038;id=199\">Elad\u00f3 300 asok<\/a><\/small><\/div><div class=\"forum-poster\"><div class=\"forum-poster-avatar\"><img alt='' src='https:\/\/www.veteranvolvo.hu\/wp-content\/uploads\/2020\/01\/user-653-100x100.jpg' srcset='https:\/\/www.veteranvolvo.hu\/wp-content\/uploads\/2020\/01\/user-653-100x100.jpg 2x' class='avatar avatar-40 photo avatar-default' height='40' width='40' \/><\/div><div class=\"forum-poster-summary\"><a href=\"https:\/\/www.veteranvolvo.hu\/?page_id=431&#038;view=topic&#038;id=112#postid-293\">340GL 1.6 diesel  166000K &#8230;<\/a><br><small><a href=\"https:\/\/www.veteranvolvo.hu\/?page_id=431&#038;view=topic&#038;id=112#postid-293\">6 \u00e9v id\u0151vel kor\u00e1bban<\/a><span>&nbsp;&middot;&nbsp;<\/span><a class=\"profile-link highlight-default\" href=\"#\">Gabor Nagy<\/a><\/small><\/div><\/div><\/div><\/div><div class=\"title-element\" id=\"forum-category-10\">440\/460-as f\u00f3rum<span class=\"last-post-headline\">Last post<\/span><\/div><div class=\"content-container\"><div class=\"content-element forum\" id=\"forum-23\"><div class=\"forum-status unread\"><i class=\"fa fa-comments\"><\/i><\/div><div class=\"forum-name\"><a class=\"forum-title\" href=\"https:\/\/www.veteranvolvo.hu\/?page_id=431&#038;view=forum&#038;id=23\">440<\/a><small class=\"forum-stats\">1 Topic&nbsp;&middot;&nbsp;4 bejegyz\u00e9s<\/small><small class=\"forum-lastpost-small\">Last post:&nbsp;<a href=\"https:\/\/www.veteranvolvo.hu\/?page_id=431&#038;view=topic&#038;id=12#postid-32\">F\u0151tengely szimering csere<\/a>&nbsp;&middot;&nbsp;<a href=\"https:\/\/www.veteranvolvo.hu\/?page_id=431&#038;view=topic&#038;id=12#postid-32\">8 \u00e9v id\u0151vel kor\u00e1bban<\/a>&nbsp;&middot;&nbsp;<a class=\"profile-link highlight-admin\" href=\"#\">Dinom<\/a><\/small><\/div><div class=\"forum-poster\"><div class=\"forum-poster-avatar\"><img alt='' src='https:\/\/www.veteranvolvo.hu\/wp-content\/uploads\/2018\/02\/15027404_1242758235780631_5534169926539373715_n-150x150.jpg' class='avatar avatar-40 photo' height='40' width='40' \/><\/div><div class=\"forum-poster-summary\"><a href=\"https:\/\/www.veteranvolvo.hu\/?page_id=431&#038;view=topic&#038;id=12#postid-32\">F\u0151tengely szimering csere<\/a><br><small><a href=\"https:\/\/www.veteranvolvo.hu\/?page_id=431&#038;view=topic&#038;id=12#postid-32\">8 \u00e9v id\u0151vel kor\u00e1bban<\/a><span>&nbsp;&middot;&nbsp;<\/span><a class=\"profile-link highlight-admin\" href=\"#\">Dinom<\/a><\/small><\/div><\/div><\/div><div class=\"content-element forum\" id=\"forum-24\"><div class=\"forum-status unread\"><i class=\"fa fa-comments\"><\/i><\/div><div class=\"forum-name\"><a class=\"forum-title\" href=\"https:\/\/www.veteranvolvo.hu\/?page_id=431&#038;view=forum&#038;id=24\">460<\/a><small class=\"forum-stats\">1 Topic&nbsp;&middot;&nbsp;2 bejegyz\u00e9s<\/small><small class=\"forum-lastpost-small\">Last post:&nbsp;<a href=\"https:\/\/www.veteranvolvo.hu\/?page_id=431&#038;view=topic&#038;id=10#postid-265\">Karossz\u00e9ria<\/a>&nbsp;&middot;&nbsp;<a href=\"https:\/\/www.veteranvolvo.hu\/?page_id=431&#038;view=topic&#038;id=10#postid-265\">6 \u00e9v id\u0151vel kor\u00e1bban<\/a>&nbsp;&middot;&nbsp;<a class=\"profile-link highlight-admin\" href=\"#\">czimbi-adm<\/a><\/small><\/div><div class=\"forum-poster\"><div class=\"forum-poster-avatar\"><img alt='' src='https:\/\/www.veteranvolvo.hu\/wp-content\/uploads\/2018\/01\/CzR-129x150.jpg' class='avatar avatar-40 photo' height='40' width='40' \/><\/div><div class=\"forum-poster-summary\"><a href=\"https:\/\/www.veteranvolvo.hu\/?page_id=431&#038;view=topic&#038;id=10#postid-265\">Karossz\u00e9ria<\/a><br><small><a href=\"https:\/\/www.veteranvolvo.hu\/?page_id=431&#038;view=topic&#038;id=10#postid-265\">6 \u00e9v id\u0151vel kor\u00e1bban<\/a><span>&nbsp;&middot;&nbsp;<\/span><a class=\"profile-link highlight-admin\" href=\"#\">czimbi-adm<\/a><\/small><\/div><\/div><\/div><div class=\"content-element forum\" id=\"forum-53\"><div class=\"forum-status read\"><i class=\"fa fa-comments\"><\/i><\/div><div class=\"forum-name\"><a class=\"forum-title\" href=\"https:\/\/www.veteranvolvo.hu\/?page_id=431&#038;view=forum&#038;id=53\">Elad\u00f3 400-as, alkatr\u00e9sz adok-veszek \u00faj \u00e9s bontott<\/a><small class=\"forum-description\">Minden ami elad\u00f3 440\/460 \u00e9s alkatr\u00e9szeik (\u00faj \u00e9s bontott)<\/small><small class=\"forum-stats\">0 Topics&nbsp;&middot;&nbsp;0 bejegyz\u00e9s<\/small><small class=\"forum-lastpost-small\"><small class=\"no-topics\">No topics yet!<\/small><\/small><small class=\"forum-subforums\"><b>Subforums:<\/b>&nbsp;<a href=\"https:\/\/www.veteranvolvo.hu\/?page_id=431&#038;view=forum&#038;id=192\">Megmaradt \u00faj alkatr\u00e9szek.<\/a>&nbsp;&middot;&nbsp;<a href=\"https:\/\/www.veteranvolvo.hu\/?page_id=431&#038;view=forum&#038;id=193\">Alkatr\u00e9szt keresek<\/a>&nbsp;&middot;&nbsp;<a href=\"https:\/\/www.veteranvolvo.hu\/?page_id=431&#038;view=forum&#038;id=194\">440\/460 adok-veszek<\/a><\/small><\/div><div class=\"forum-poster\"><small class=\"no-topics\">No topics yet!<\/small><\/div><\/div><\/div><div class=\"title-element\" id=\"forum-category-12\">480-as f\u00f3rum<span class=\"last-post-headline\">Last post<\/span><\/div><div class=\"content-container\"><div class=\"content-element forum\" id=\"forum-30\"><div class=\"forum-status unread\"><i class=\"fa fa-comments\"><\/i><\/div><div class=\"forum-name\"><a class=\"forum-title\" href=\"https:\/\/www.veteranvolvo.hu\/?page_id=431&#038;view=forum&#038;id=30\">480<\/a><small class=\"forum-stats\">1 Topic&nbsp;&middot;&nbsp;1 bejegyz\u00e9s<\/small><small class=\"forum-lastpost-small\">Last post:&nbsp;<a href=\"https:\/\/www.veteranvolvo.hu\/?page_id=431&#038;view=topic&#038;id=11#postid-19\">Minden, ami 480!<\/a>&nbsp;&middot;&nbsp;<a href=\"https:\/\/www.veteranvolvo.hu\/?page_id=431&#038;view=topic&#038;id=11#postid-19\">8 \u00e9v id\u0151vel kor\u00e1bban<\/a>&nbsp;&middot;&nbsp;<a class=\"profile-link highlight-admin\" href=\"#\">czimbi-adm<\/a><\/small><\/div><div class=\"forum-poster\"><div class=\"forum-poster-avatar\"><img alt='' src='https:\/\/www.veteranvolvo.hu\/wp-content\/uploads\/2018\/01\/CzR-129x150.jpg' class='avatar avatar-40 photo' height='40' width='40' \/><\/div><div class=\"forum-poster-summary\"><a href=\"https:\/\/www.veteranvolvo.hu\/?page_id=431&#038;view=topic&#038;id=11#postid-19\">Minden, ami 480!<\/a><br><small><a href=\"https:\/\/www.veteranvolvo.hu\/?page_id=431&#038;view=topic&#038;id=11#postid-19\">8 \u00e9v id\u0151vel kor\u00e1bban<\/a><span>&nbsp;&middot;&nbsp;<\/span><a class=\"profile-link highlight-admin\" href=\"#\">czimbi-adm<\/a><\/small><\/div><\/div><\/div><\/div><div class=\"title-element\" id=\"forum-category-30\">850-es f\u00f3rum<span class=\"last-post-headline\">Last post<\/span><\/div><div class=\"content-container\"><div class=\"content-element forum\" id=\"forum-39\"><div class=\"forum-status read\"><i class=\"fa fa-comments\"><\/i><\/div><div class=\"forum-name\"><a class=\"forum-title\" href=\"https:\/\/www.veteranvolvo.hu\/?page_id=431&#038;view=forum&#038;id=39\">Elad\u00f3 800-asok, alkatr\u00e9sz adok-veszek \u00faj \u00e9s bontott<\/a><small class=\"forum-description\">Minden ami elad\u00f3 850 \u00e9s alkatr\u00e9szeik (\u00faj \u00e9s bontott)<\/small><small class=\"forum-stats\">0 Topics&nbsp;&middot;&nbsp;0 bejegyz\u00e9s<\/small><small class=\"forum-lastpost-small\"><small class=\"no-topics\">No topics yet!<\/small><\/small><small class=\"forum-subforums\"><b>Subforums:<\/b>&nbsp;<a href=\"https:\/\/www.veteranvolvo.hu\/?page_id=431&#038;view=forum&#038;id=186\">Alkatr\u00e9szt keresek<\/a>&nbsp;&middot;&nbsp;<a href=\"https:\/\/www.veteranvolvo.hu\/?page_id=431&#038;view=forum&#038;id=187\">Megmaradt \u00faj alkatr\u00e9szek.<\/a>&nbsp;&middot;&nbsp;<a href=\"https:\/\/www.veteranvolvo.hu\/?page_id=431&#038;view=forum&#038;id=188\">850 es adok-veszek<\/a><\/small><\/div><div class=\"forum-poster\"><small class=\"no-topics\">No topics yet!<\/small><\/div><\/div><div class=\"content-element forum\" id=\"forum-41\"><div class=\"forum-status unread\"><i class=\"fa fa-comments\"><\/i><\/div><div class=\"forum-name\"><a class=\"forum-title\" href=\"https:\/\/www.veteranvolvo.hu\/?page_id=431&#038;view=forum&#038;id=41\">850-es t\u00e1rsalg\u00f3<\/a><small class=\"forum-description\">Tal\u00e1lkoz\u00f3k, jav\u00edt\u00e1si tan\u00e1csok. 850 r\u0151l szabadon<\/small><small class=\"forum-stats\">13 Topics&nbsp;&middot;&nbsp;15 bejegyz\u00e9s<\/small><small class=\"forum-lastpost-small\">Last post:&nbsp;<a href=\"https:\/\/www.veteranvolvo.hu\/?page_id=431&#038;view=topic&#038;id=155#postid-462\">V\u00e1lt\u00f3 kapcsol\u00e1si \u00e9rzet\u00e9nek jav\u00edt\u00e1s &#8230;<\/a>&nbsp;&middot;&nbsp;<a href=\"https:\/\/www.veteranvolvo.hu\/?page_id=431&#038;view=topic&#038;id=155#postid-462\">4 \u00e9v id\u0151vel kor\u00e1bban<\/a>&nbsp;&middot;&nbsp;<a class=\"profile-link highlight-admin\" href=\"#\">Dinom<\/a><\/small><small class=\"forum-subforums\"><b>Subforums:<\/b>&nbsp;<a href=\"https:\/\/www.veteranvolvo.hu\/?page_id=431&#038;view=forum&#038;id=195\">Kredenc a z\u00f6ld 850, 1994 2.5i<\/a><\/small><\/div><div class=\"forum-poster\"><div class=\"forum-poster-avatar\"><img alt='' src='https:\/\/www.veteranvolvo.hu\/wp-content\/uploads\/2018\/02\/15027404_1242758235780631_5534169926539373715_n-150x150.jpg' class='avatar avatar-40 photo' height='40' width='40' \/><\/div><div class=\"forum-poster-summary\"><a href=\"https:\/\/www.veteranvolvo.hu\/?page_id=431&#038;view=topic&#038;id=155#postid-462\">V\u00e1lt\u00f3 kapcsol\u00e1si \u00e9rzet\u00e9ne &#8230;<\/a><br><small><a href=\"https:\/\/www.veteranvolvo.hu\/?page_id=431&#038;view=topic&#038;id=155#postid-462\">4 \u00e9v id\u0151vel kor\u00e1bban<\/a><span>&nbsp;&middot;&nbsp;<\/span><a class=\"profile-link highlight-admin\" href=\"#\">Dinom<\/a><\/small><\/div><\/div><\/div><div class=\"content-element forum\" id=\"forum-204\"><div class=\"forum-status unread\"><i class=\"fas fa-comments\"><\/i><\/div><div class=\"forum-name\"><a class=\"forum-title\" href=\"https:\/\/www.veteranvolvo.hu\/?page_id=431&#038;view=forum&#038;id=204\">850 tulajok aut\u00f3inak bemutat\u00e1sa. \ud83d\ude42<\/a><small class=\"forum-description\">k\u00e9pek t\u00f6rt\u00e9netek az aut\u00f3itokr\u00f3l. \ud83d\ude00<\/small><small class=\"forum-stats\">1 Topic&nbsp;&middot;&nbsp;1 bejegyz\u00e9s<\/small><small class=\"forum-lastpost-small\">Last post:&nbsp;<a href=\"https:\/\/www.veteranvolvo.hu\/?page_id=431&#038;view=topic&#038;id=157#postid-466\">Dinom &quot;v\u00f6r\u00f6s&quot; sz\u00f6rnye! \ud83d\ude00 \ud83d\ude1b<\/a>&nbsp;&middot;&nbsp;<a href=\"https:\/\/www.veteranvolvo.hu\/?page_id=431&#038;view=topic&#038;id=157#postid-466\">3 \u00e9v id\u0151vel kor\u00e1bban<\/a>&nbsp;&middot;&nbsp;<a class=\"profile-link highlight-admin\" href=\"#\">Dinom<\/a><\/small><\/div><div class=\"forum-poster\"><div class=\"forum-poster-avatar\"><img alt='' src='https:\/\/www.veteranvolvo.hu\/wp-content\/uploads\/2018\/02\/15027404_1242758235780631_5534169926539373715_n-150x150.jpg' class='avatar avatar-40 photo' height='40' width='40' \/><\/div><div class=\"forum-poster-summary\"><a href=\"https:\/\/www.veteranvolvo.hu\/?page_id=431&#038;view=topic&#038;id=157#postid-466\">Dinom &quot;v\u00f6r\u00f6s&quot; sz\u00f6rnye! \ud83d\ude00 &#8230;<\/a><br><small><a href=\"https:\/\/www.veteranvolvo.hu\/?page_id=431&#038;view=topic&#038;id=157#postid-466\">3 \u00e9v id\u0151vel kor\u00e1bban<\/a><span>&nbsp;&middot;&nbsp;<\/span><a class=\"profile-link highlight-admin\" href=\"#\">Dinom<\/a><\/small><\/div><\/div><\/div><\/div><div class=\"title-element\" id=\"forum-category-35\">V70 MK1-es 1996-2000<span class=\"last-post-headline\">Last post<\/span><\/div><div class=\"content-container\"><div class=\"content-element forum\" id=\"forum-88\"><div class=\"forum-status read\"><i class=\"fa fa-comments\"><\/i><\/div><div class=\"forum-name\"><a class=\"forum-title\" href=\"https:\/\/www.veteranvolvo.hu\/?page_id=431&#038;view=forum&#038;id=88\">Alkatr\u00e9szt keresek<\/a><small class=\"forum-description\">Amire s\u00fcks\u00e9ged van az aut\u00f3d jobb\u00e1, szebb\u00e9 t\u00e9tel\u00e9hez.<\/small><small class=\"forum-stats\">0 Topics&nbsp;&middot;&nbsp;0 bejegyz\u00e9s<\/small><small class=\"forum-lastpost-small\"><small class=\"no-topics\">No topics yet!<\/small><\/small><\/div><div class=\"forum-poster\"><small class=\"no-topics\">No topics yet!<\/small><\/div><\/div><div class=\"content-element forum\" id=\"forum-89\"><div class=\"forum-status unread\"><i class=\"fa fa-comments\"><\/i><\/div><div class=\"forum-name\"><a class=\"forum-title\" href=\"https:\/\/www.veteranvolvo.hu\/?page_id=431&#038;view=forum&#038;id=89\">Alkatr\u00e9sz bont\u00e1sok<\/a><small class=\"forum-description\">Minden ami elad\u00f3 bontott alkatr\u00e9sz<\/small><small class=\"forum-stats\">1 Topic&nbsp;&middot;&nbsp;1 bejegyz\u00e9s<\/small><small class=\"forum-lastpost-small\">Last post:&nbsp;<a href=\"https:\/\/www.veteranvolvo.hu\/?page_id=431&#038;view=topic&#038;id=55#postid-96\">1999 V70 2.4 N\/A manual megmaradt  &#8230;<\/a>&nbsp;&middot;&nbsp;<a href=\"https:\/\/www.veteranvolvo.hu\/?page_id=431&#038;view=topic&#038;id=55#postid-96\">7 \u00e9v id\u0151vel kor\u00e1bban<\/a>&nbsp;&middot;&nbsp;<a class=\"profile-link highlight-default\" href=\"#\">Fuxi<\/a><\/small><\/div><div class=\"forum-poster\"><div class=\"forum-poster-avatar\"><img alt='' src='https:\/\/www.veteranvolvo.hu\/wp-content\/uploads\/2019\/09\/fox_me-150x150.png' class='avatar avatar-40 photo' height='40' width='40' \/><\/div><div class=\"forum-poster-summary\"><a href=\"https:\/\/www.veteranvolvo.hu\/?page_id=431&#038;view=topic&#038;id=55#postid-96\">1999 V70 2.4 N\/A manual m &#8230;<\/a><br><small><a href=\"https:\/\/www.veteranvolvo.hu\/?page_id=431&#038;view=topic&#038;id=55#postid-96\">7 \u00e9v id\u0151vel kor\u00e1bban<\/a><span>&nbsp;&middot;&nbsp;<\/span><a class=\"profile-link highlight-default\" href=\"#\">Fuxi<\/a><\/small><\/div><\/div><\/div><div class=\"content-element forum\" id=\"forum-90\"><div class=\"forum-status read\"><i class=\"fa fa-comments\"><\/i><\/div><div class=\"forum-name\"><a class=\"forum-title\" href=\"https:\/\/www.veteranvolvo.hu\/?page_id=431&#038;view=forum&#038;id=90\">Megmaradt \u00faj alkatr\u00e9szek<\/a><small class=\"forum-description\">Be\u00e9p\u00edt\u00e9sre nem ker\u00fclt, bontatlan vagy haszn\u00e1latlan alkatr\u00e9szek<\/small><small class=\"forum-stats\">0 Topics&nbsp;&middot;&nbsp;0 bejegyz\u00e9s<\/small><small class=\"forum-lastpost-small\"><small class=\"no-topics\">No topics yet!<\/small><\/small><\/div><div class=\"forum-poster\"><small class=\"no-topics\">No topics yet!<\/small><\/div><\/div><div class=\"content-element forum\" id=\"forum-91\"><div class=\"forum-status unread\"><i class=\"fa fa-comments\"><\/i><\/div><div class=\"forum-name\"><a class=\"forum-title\" href=\"https:\/\/www.veteranvolvo.hu\/?page_id=431&#038;view=forum&#038;id=91\">K\u00f6tetlen V70 MK1 t\u00e1rsalg\u00f3<\/a><small class=\"forum-description\">Techikai tan\u00e1csok, jav\u00edt\u00e1si, szerv\u00edzel\u00e9si seg\u00e9dletek<\/small><small class=\"forum-stats\">2 Topics&nbsp;&middot;&nbsp;3 bejegyz\u00e9s<\/small><small class=\"forum-lastpost-small\">Last post:&nbsp;<a href=\"https:\/\/www.veteranvolvo.hu\/?page_id=431&#038;view=topic&#038;id=65#postid-147\">F\u00e9nysz\u00f3r\u00f3fel\u00faj\u00edt\u00e1s<\/a>&nbsp;&middot;&nbsp;<a href=\"https:\/\/www.veteranvolvo.hu\/?page_id=431&#038;view=topic&#038;id=65#postid-147\">7 \u00e9v id\u0151vel kor\u00e1bban<\/a>&nbsp;&middot;&nbsp;<a class=\"profile-link highlight-admin\" href=\"#\">Dinom<\/a><\/small><\/div><div class=\"forum-poster\"><div class=\"forum-poster-avatar\"><img alt='' src='https:\/\/www.veteranvolvo.hu\/wp-content\/uploads\/2018\/02\/15027404_1242758235780631_5534169926539373715_n-150x150.jpg' class='avatar avatar-40 photo' height='40' width='40' \/><\/div><div class=\"forum-poster-summary\"><a href=\"https:\/\/www.veteranvolvo.hu\/?page_id=431&#038;view=topic&#038;id=65#postid-147\">F\u00e9nysz\u00f3r\u00f3fel\u00faj\u00edt\u00e1s<\/a><br><small><a href=\"https:\/\/www.veteranvolvo.hu\/?page_id=431&#038;view=topic&#038;id=65#postid-147\">7 \u00e9v id\u0151vel kor\u00e1bban<\/a><span>&nbsp;&middot;&nbsp;<\/span><a class=\"profile-link highlight-admin\" href=\"#\">Dinom<\/a><\/small><\/div><\/div><\/div><div class=\"content-element forum\" id=\"forum-115\"><div class=\"forum-status read\"><i class=\"fa fa-comments\"><\/i><\/div><div class=\"forum-name\"><a class=\"forum-title\" href=\"https:\/\/www.veteranvolvo.hu\/?page_id=431&#038;view=forum&#038;id=115\">V70 MK1-es 1996-2000 adok-veszek<\/a><small class=\"forum-description\">Elad\u00e1sra k\u00edn\u00e1lt \u00e9s v\u00e9telre keresett V70 MK1-ek<\/small><small class=\"forum-stats\">0 Topics&nbsp;&middot;&nbsp;0 bejegyz\u00e9s<\/small><small class=\"forum-lastpost-small\"><small class=\"no-topics\">No topics yet!<\/small><\/small><\/div><div class=\"forum-poster\"><small class=\"no-topics\">No topics yet!<\/small><\/div><\/div><\/div><div id=\"read-unread\"><span class=\"indicator unread\"><\/span><span class=\"indicator-label\">\u00daj bejegyz\u00e9s<\/span><span class=\"indicator read\"><\/span><span class=\"indicator-label\">Nothing new<\/span><span class=\"indicator-label\"><span class=\"fas fa-check\"><\/span><a href=\"https:\/\/www.veteranvolvo.hu\/?page_id=431&#038;view=markallread&#038;_wpnonce=773801785b\">Olvasottk\u00e9nt jel\u00f6lve<\/a><\/span><span class=\"indicator-label\"><span class=\"fas fa-history\"><\/span><a href=\"https:\/\/www.veteranvolvo.hu\/?page_id=431&#038;view=unread\">Show Unread Topics<\/a><\/span><div class=\"clear\"><\/div><\/div><div id=\"statistics\"><div class=\"title-element title-element-dark\"><span class=\"title-element-icon fas fa-chart-pie\"><\/span>Statistics<\/div><div id=\"statistics-body\"><div id=\"statistics-elements\"><div class=\"statistics-element\"><div class=\"element-number\"><span class=\"statistics-element-icon far fa-comments\"><\/span>142<\/div><div class=\"element-name\">Topics<\/div><\/div><div class=\"statistics-element\"><div class=\"element-number\"><span class=\"statistics-element-icon far fa-comment\"><\/span>420<\/div><div class=\"element-name\">Posts<\/div><\/div><div class=\"statistics-element\"><div class=\"element-number\"><span class=\"statistics-element-icon far fa-eye\"><\/span>106&nbsp;514<\/div><div class=\"element-name\">Megtekint\u00e9sek<\/div><\/div><div class=\"statistics-element\"><div class=\"element-number\"><span class=\"statistics-element-icon far fa-user\"><\/span>202<\/div><div class=\"element-name\">Users<\/div><\/div><div class=\"statistics-element\"><div class=\"element-number\"><span class=\"statistics-element-icon far fa-lightbulb\"><\/span>0<\/div><div class=\"element-name\">Online<\/div><\/div><\/div><div id=\"statistics-online-users\"><span class=\"online-users-icon fas fa-user\"><\/span>Newest Member:&nbsp;<i><a class=\"profile-link highlight-default\" href=\"#\">Ors\u00f3 G\u00e1bor<\/a><\/i>&nbsp;&middot;&nbsp;<span class=\"online-users-icon fas fa-users\"><\/span><i>Currently nobody is online.<\/i><\/div><\/div><div class=\"clear\"><\/div><\/div><div id=\"bottom-navigation\"><\/div><div class=\"clear\"><\/div><\/div>\n<p style=\"text-align: right;\"><a href=\"http:\/\/cicvarekkuckoja.hu\/volvo4xx\/volvok\/weblap-keszites-szerkesztes-es-karbantartas\/\"><span style=\"color: #999999;\">Webmester &#8211; minden, ami port\u00e1l\u00e9p\u00edt\u00e9s!<\/span><\/a><\/p>\n","protected":false},"excerpt":{"rendered":"<p>Webmester &#8211; minden, ami port\u00e1l\u00e9p\u00edt\u00e9s!<\/p>\n","protected":false},"author":1,"featured_media":0,"parent":0,"menu_order":0,"comment_status":"closed","ping_status":"closed","template":"","meta":{"footnotes":""},"class_list":["post-431","page","type-page","status-publish","hentry"],"_links":{"self":[{"href":"https:\/\/www.veteranvolvo.hu\/index.php?rest_route=\/wp\/v2\/pages\/431","targetHints":{"allow":["GET"]}}],"collection":[{"href":"https:\/\/www.veteranvolvo.hu\/index.php?rest_route=\/wp\/v2\/pages"}],"about":[{"href":"https:\/\/www.veteranvolvo.hu\/index.php?rest_route=\/wp\/v2\/types\/page"}],"author":[{"embeddable":true,"href":"https:\/\/www.veteranvolvo.hu\/index.php?rest_route=\/wp\/v2\/users\/1"}],"replies":[{"embeddable":true,"href":"https:\/\/www.veteranvolvo.hu\/index.php?rest_route=%2Fwp%2Fv2%2Fcomments&post=431"}],"version-history":[{"count":3,"href":"https:\/\/www.veteranvolvo.hu\/index.php?rest_route=\/wp\/v2\/pages\/431\/revisions"}],"predecessor-version":[{"id":597,"href":"https:\/\/www.veteranvolvo.hu\/index.php?rest_route=\/wp\/v2\/pages\/431\/revisions\/597"}],"wp:attachment":[{"href":"https:\/\/www.veteranvolvo.hu\/index.php?rest_route=%2Fwp%2Fv2%2Fmedia&parent=431"}],"curies":[{"name":"wp","href":"https:\/\/api.w.org\/{rel}","templated":true}]}}