{"id":3355,"date":"2018-03-01T23:10:53","date_gmt":"2018-03-01T22:10:53","guid":{"rendered":"http:\/\/www.veteranvolvo.hu\/?page_id=3355"},"modified":"2025-10-06T23:11:27","modified_gmt":"2025-10-06T21:11:27","slug":"kiallitasok","status":"publish","type":"page","link":"https:\/\/www.veteranvolvo.hu\/?page_id=3355","title":{"rendered":"Ki\u00e1ll\u00edt\u00e1sok"},"content":{"rendered":"<h4><a href=\"http:\/\/www.veteranvolvo.hu\/?page_id=3360\"><strong><em><span style=\"color: #3366ff;\">Retropartyz\u00e1nok 1<\/span><\/em><\/strong><\/a><\/h4>\n<h4><a href=\"http:\/\/www.veteranvolvo.hu\/?page_id=3370\"><strong><em><span style=\"color: #3366ff;\">Retropartyz\u00e1nok 2<\/span><\/em><\/strong><\/a><\/h4>\n<h4><a href=\"http:\/\/www.veteranvolvo.hu\/?page_id=3375\"><strong><em><span style=\"color: #3366ff;\">Retropartyz\u00e1nok 3<\/span><\/em><\/strong><\/a><\/h4>\n<p><em><strong>2012. 1. Saab &#8211; Volvo tal\u00e1lkoz\u00f3. A Vikingek Neszm\u00e9lyre \u00e9rkeznek<\/strong><\/em><\/p>\n<p><em><strong>2013 2.<\/strong> <strong>\u00a0Saab 900 \u00e9s VVF Nagy\u00e1gy\u0171k Zs\u00e1mb\u00e9kon!<\/strong><\/em><\/p>\n<p><em><strong>AMTS 2021\u00a0<\/strong><\/em><\/p>\n<p><em><strong>AMTS 2022<\/strong><\/em><\/p>\n<p><em><strong>Esztergomi J\u00e1rm\u0171 Expo 2022<\/strong><\/em><\/p>\n<p><em><strong>AMTS 2023<\/strong><\/em><\/p>\n<p><em><strong>Esztergomi J\u00e1rm\u0171 Expo 2023<\/strong><\/em><\/p>\n<p><em><strong>AMTS 2024<\/strong><\/em><\/p>\n<p><em><strong>Esztergomi J\u00e1rm\u0171 Expo 2024<\/strong><\/em><\/p>\n<p><em><strong>AMTS 2025<\/strong><\/em><\/p>\n<p><em><strong>Esztergomi J\u00e1rm\u0171 Expo 2025<\/strong><\/em><\/p>\n","protected":false},"excerpt":{"rendered":"<p>Retropartyz\u00e1nok 1 Retropartyz\u00e1nok 2 Retropartyz\u00e1nok 3 2012. 1. Saab &#8211; Volvo tal\u00e1lkoz\u00f3. A Vikingek Neszm\u00e9lyre \u00e9rkeznek 2013 2. \u00a0Saab 900 \u00e9s VVF Nagy\u00e1gy\u0171k Zs\u00e1mb\u00e9kon! AMTS 2021\u00a0 AMTS 2022 Esztergomi J\u00e1rm\u0171 Expo 2022 AMTS 2023 Esztergomi J\u00e1rm\u0171 Expo 2023 AMTS 2024 Esztergomi J\u00e1rm\u0171 Expo 2024 AMTS 2025 Esztergomi J\u00e1rm\u0171 Expo 2025<\/p>\n","protected":false},"author":5,"featured_media":0,"parent":939,"menu_order":0,"comment_status":"closed","ping_status":"closed","template":"","meta":{"footnotes":""},"class_list":["post-3355","page","type-page","status-publish","hentry"],"_links":{"self":[{"href":"https:\/\/www.veteranvolvo.hu\/index.php?rest_route=\/wp\/v2\/pages\/3355","targetHints":{"allow":["GET"]}}],"collection":[{"href":"https:\/\/www.veteranvolvo.hu\/index.php?rest_route=\/wp\/v2\/pages"}],"about":[{"href":"https:\/\/www.veteranvolvo.hu\/index.php?rest_route=\/wp\/v2\/types\/page"}],"author":[{"embeddable":true,"href":"https:\/\/www.veteranvolvo.hu\/index.php?rest_route=\/wp\/v2\/users\/5"}],"replies":[{"embeddable":true,"href":"https:\/\/www.veteranvolvo.hu\/index.php?rest_route=%2Fwp%2Fv2%2Fcomments&post=3355"}],"version-history":[{"count":7,"href":"https:\/\/www.veteranvolvo.hu\/index.php?rest_route=\/wp\/v2\/pages\/3355\/revisions"}],"predecessor-version":[{"id":6017,"href":"https:\/\/www.veteranvolvo.hu\/index.php?rest_route=\/wp\/v2\/pages\/3355\/revisions\/6017"}],"up":[{"embeddable":true,"href":"https:\/\/www.veteranvolvo.hu\/index.php?rest_route=\/wp\/v2\/pages\/939"}],"wp:attachment":[{"href":"https:\/\/www.veteranvolvo.hu\/index.php?rest_route=%2Fwp%2Fv2%2Fmedia&parent=3355"}],"curies":[{"name":"wp","href":"https:\/\/api.w.org\/{rel}","templated":true}]}}